{"id":3891,"date":"2020-05-29T09:41:38","date_gmt":"2020-05-29T09:41:38","guid":{"rendered":"https:\/\/berlin-reklame.de\/?page_id=3891"},"modified":"2024-03-22T13:29:23","modified_gmt":"2024-03-22T13:29:23","slug":"green-events","status":"publish","type":"page","link":"https:\/\/berlin-reklame.de\/es\/green-events\/","title":{"rendered":"Green Events"},"content":{"rendered":"<div id=\"pl-3891\"  class=\"panel-layout\" ><div id=\"pg-3891-0\"  class=\"panel-grid panel-has-style\" ><div class=\"siteorigin-panels-stretch panel-row-style panel-row-style-for-3891-0\" data-stretch-type=\"full-width-stretch\" ><div id=\"pgc-3891-0-0\"  class=\"panel-grid-cell\" ><div id=\"panel-3891-0-0-0\" class=\"so-panel widget widget_sow-editor panel-first-child panel-last-child\" data-index=\"0\" ><div class=\"panel-widget-style panel-widget-style-for-3891-0-0-0\" ><div\n\t\t\t\n\t\t\tclass=\"so-widget-sow-editor so-widget-sow-editor-base\"\n\t\t\t\n\t\t>\n<div class=\"siteorigin-widget-tinymce textwidget\">\n\t<h1 style=\"text-align: center;\"><span style=\"color: #ffffff; font-size: 36pt;\"><strong>GREEN EVENTS<\/strong><\/span><\/h1>\n<h1 style=\"text-align: center;\"><span style=\"color: #ffffff; font-size: 24pt;\"><strong>Nachhaltige Werbung mit gutem Gewissen\u00a0<\/strong><\/span><\/h1>\n<\/div>\n<\/div><\/div><\/div><\/div><\/div><\/div><div id=\"pg-3891-1\"  class=\"panel-grid panel-has-style\" ><div class=\"siteorigin-panels-stretch panel-row-style panel-row-style-for-3891-1\" data-stretch-type=\"full-width-stretch\" ><div id=\"pgc-3891-1-0\"  class=\"panel-grid-cell\" ><div id=\"panel-3891-1-0-0\" class=\"so-panel widget widget_sow-headline panel-first-child panel-last-child\" data-index=\"1\" ><div class=\"panel-widget-style panel-widget-style-for-3891-1-0-0\" ><div\n\t\t\t\n\t\t\tclass=\"so-widget-sow-headline so-widget-sow-headline-default-6195e7d07f30-3891\"\n\t\t\t\n\t\t><div class=\"sow-headline-container\">\n\t\t\t\t\t\t\t<h2 class=\"sow-headline\">\n\t\t\t\t\t\tProducido ecol\u00f3gicamente y totalmente reciclable\t\t\t\t\t\t<\/h2>\n\t\t\t\t\t\t\t\t\t\t\t<div class=\"decoration\">\n\t\t\t\t\t\t<div class=\"decoration-inside\"><\/div>\n\t\t\t\t\t<\/div>\n\t\t\t\t\t\t\t\t\t\t\t<h3 class=\"sow-sub-headline\">\n\t\t\t\t\t\tOfrecemos los siguientes medios publicitarios:\t\t\t\t\t\t<\/h3>\n\t\t\t\t\t\t<\/div>\n<\/div><\/div><\/div><\/div><\/div><\/div><div id=\"pg-3891-2\"  class=\"panel-grid panel-has-style\" ><div class=\"siteorigin-panels-stretch panel-row-style panel-row-style-for-3891-2\" data-stretch-type=\"full\" ><div id=\"pgc-3891-2-0\"  class=\"panel-grid-cell\" ><div id=\"panel-3891-2-0-0\" class=\"so-panel widget widget_sow-headline panel-first-child panel-last-child\" data-index=\"2\" ><div\n\t\t\t\n\t\t\tclass=\"so-widget-sow-headline so-widget-sow-headline-default-ca5deb31bea6-3891\"\n\t\t\t\n\t\t><div class=\"sow-headline-container\">\n\t\t\t\t\t\t\t<h2 class=\"sow-headline\">\n\t\t\t\t\t\t\t\t\t\t\t\t\t<a href=\"https:\/\/berlin-reklame.de\/es\/leistungen\/uv-direktdruck-und-plattendruck-blindenschrift\/\" >\n\t\t\t\t\t\t\t\tSOLUCIONES CON IMPRESI\u00d3N UV<\/a>\t\t\t\t\t\t<\/h2>\n\t\t\t\t\t\t\t\t\t\t\t\t<h3 class=\"sow-sub-headline\">\n\t\t\t\t\t\tPara respuestas individuales a superficies especiales\t\t\t\t\t\t<\/h3>\n\t\t\t\t\t\t<\/div>\n<\/div><\/div><\/div><\/div><\/div><div id=\"pg-3891-3\"  class=\"panel-grid panel-no-style\" ><div id=\"pgc-3891-3-0\"  class=\"panel-grid-cell\" ><div id=\"panel-3891-3-0-0\" class=\"so-panel widget widget_sow-image panel-first-child\" data-index=\"3\" ><div\n\t\t\t\n\t\t\tclass=\"so-widget-sow-image so-widget-sow-image-default-46c7616ffdb5-3891\"\n\t\t\t\n\t\t>\n<div class=\"sow-image-container\">\n\t\t<img \n\tsrc=\"https:\/\/berlin-reklame.de\/wp-content\/uploads\/2020\/12\/UV-Druck-Wabenpappe.jpg\" width=\"833\" height=\"833\" srcset=\"https:\/\/berlin-reklame.de\/wp-content\/uploads\/2020\/12\/UV-Druck-Wabenpappe.jpg 833w, https:\/\/berlin-reklame.de\/wp-content\/uploads\/2020\/12\/UV-Druck-Wabenpappe-300x300.jpg 300w, https:\/\/berlin-reklame.de\/wp-content\/uploads\/2020\/12\/UV-Druck-Wabenpappe-150x150.jpg 150w, https:\/\/berlin-reklame.de\/wp-content\/uploads\/2020\/12\/UV-Druck-Wabenpappe-768x768.jpg 768w, https:\/\/berlin-reklame.de\/wp-content\/uploads\/2020\/12\/UV-Druck-Wabenpappe-12x12.jpg 12w, https:\/\/berlin-reklame.de\/wp-content\/uploads\/2020\/12\/UV-Druck-Wabenpappe-600x600.jpg 600w, https:\/\/berlin-reklame.de\/wp-content\/uploads\/2020\/12\/UV-Druck-Wabenpappe-100x100.jpg 100w\" sizes=\"(max-width: 833px) 100vw, 833px\" alt=\"lollipop schild\" \t\tclass=\"so-widget-image\"\/>\n\t<\/div>\n\n<\/div><\/div><div id=\"panel-3891-3-0-1\" class=\"so-panel widget widget_sow-editor\" data-index=\"4\" ><div\n\t\t\t\n\t\t\tclass=\"so-widget-sow-editor so-widget-sow-editor-base\"\n\t\t\t\n\t\t>\n<div class=\"siteorigin-widget-tinymce textwidget\">\n\t<h2 style=\"text-align: center;\"><span style=\"font-size: 18pt; color: #003300;\"><strong>LOLLIPOP<\/strong><\/span><\/h2>\n<p style=\"text-align: center;\"><span style=\"color: #003300;\"><strong><span style=\"font-size: 14pt;\">Cart\u00f3n panal de abeja<\/span><\/strong><\/span><\/p>\n<\/div>\n<\/div><\/div><div id=\"panel-3891-3-0-2\" class=\"so-panel widget widget_sow-button panel-last-child\" data-index=\"5\" ><div\n\t\t\t\n\t\t\tclass=\"so-widget-sow-button so-widget-sow-button-atom-5acfcca759f2-3891\"\n\t\t\t\n\t\t><div class=\"ow-button-base ow-button-align-center\"\n>\n\t\t\t<a\n\t\t\t\t\thref=\"https:\/\/berlin-reklame.de\/es\/shop\/eco-lolipop-schilder\/\"\n\t\t\t\t\tclass=\"sowb-button ow-icon-placement-right ow-button-hover\" \t>\n\t\t<span>\n\t\t\t<span class=\"sow-icon-fontawesome sow-far\" data-sow-icon=\"&#xf35a;\"\n\t\tstyle=\"color: #ffffff\" \n\t\taria-hidden=\"true\"><\/span>\n\t\t\tSHOP\t\t<\/span>\n\t\t\t<\/a>\n\t<\/div>\n<\/div><\/div><\/div><div id=\"pgc-3891-3-1\"  class=\"panel-grid-cell\" ><div id=\"panel-3891-3-1-0\" class=\"so-panel widget widget_sow-image panel-first-child\" data-index=\"6\" ><div\n\t\t\t\n\t\t\tclass=\"so-widget-sow-image so-widget-sow-image-default-46c7616ffdb5-3891\"\n\t\t\t\n\t\t>\n<div class=\"sow-image-container\">\n\t\t<img \n\tsrc=\"https:\/\/berlin-reklame.de\/wp-content\/uploads\/2020\/12\/UV-Druck-Holz.jpg\" width=\"833\" height=\"833\" srcset=\"https:\/\/berlin-reklame.de\/wp-content\/uploads\/2020\/12\/UV-Druck-Holz.jpg 833w, https:\/\/berlin-reklame.de\/wp-content\/uploads\/2020\/12\/UV-Druck-Holz-300x300.jpg 300w, https:\/\/berlin-reklame.de\/wp-content\/uploads\/2020\/12\/UV-Druck-Holz-150x150.jpg 150w, https:\/\/berlin-reklame.de\/wp-content\/uploads\/2020\/12\/UV-Druck-Holz-768x768.jpg 768w, https:\/\/berlin-reklame.de\/wp-content\/uploads\/2020\/12\/UV-Druck-Holz-12x12.jpg 12w, https:\/\/berlin-reklame.de\/wp-content\/uploads\/2020\/12\/UV-Druck-Holz-600x600.jpg 600w, https:\/\/berlin-reklame.de\/wp-content\/uploads\/2020\/12\/UV-Druck-Holz-100x100.jpg 100w\" sizes=\"(max-width: 833px) 100vw, 833px\" alt=\"green event service\" \t\tclass=\"so-widget-image\"\/>\n\t<\/div>\n\n<\/div><\/div><div id=\"panel-3891-3-1-1\" class=\"so-panel widget widget_sow-editor\" data-index=\"7\" ><div\n\t\t\t\n\t\t\tclass=\"so-widget-sow-editor so-widget-sow-editor-base\"\n\t\t\t\n\t\t>\n<div class=\"siteorigin-widget-tinymce textwidget\">\n\t<h2 style=\"text-align: center;\"><span style=\"font-size: 18pt; color: #003300;\"><strong>MERCHANDISE<\/strong><\/span><\/h2>\n<p style=\"text-align: center;\"><span style=\"color: #003300;\"><strong><span style=\"font-size: 14pt;\">Madera (hasta 30 cm de altura)<\/span><\/strong><\/span><\/p>\n<\/div>\n<\/div><\/div><div id=\"panel-3891-3-1-2\" class=\"so-panel widget widget_sow-button panel-last-child\" data-index=\"8\" ><div\n\t\t\t\n\t\t\tclass=\"so-widget-sow-button so-widget-sow-button-atom-07d7f56b85b0-3891\"\n\t\t\t\n\t\t><div class=\"ow-button-base ow-button-align-center\"\n>\n\t\t\t<a\n\t\t\t\t\thref=\"mailto:info@berlin-reklame.de\"\n\t\t\t\t\tclass=\"sowb-button ow-icon-placement-right ow-button-hover\" \t>\n\t\t<span>\n\t\t\t<span class=\"sow-icon-fontawesome sow-far\" data-sow-icon=\"&#xf35a;\"\n\t\tstyle=\"color: #ffffff\" \n\t\taria-hidden=\"true\"><\/span>\n\t\t\tSolicitar precio\t\t<\/span>\n\t\t\t<\/a>\n\t<\/div>\n<\/div><\/div><\/div><div id=\"pgc-3891-3-2\"  class=\"panel-grid-cell\" ><div id=\"panel-3891-3-2-0\" class=\"so-panel widget widget_sow-image panel-first-child\" data-index=\"9\" ><div\n\t\t\t\n\t\t\tclass=\"so-widget-sow-image so-widget-sow-image-default-46c7616ffdb5-3891\"\n\t\t\t\n\t\t>\n<div class=\"sow-image-container\">\n\t\t<img \n\tsrc=\"https:\/\/berlin-reklame.de\/wp-content\/uploads\/2020\/12\/UV-Druck-Naturkarton-3D.jpg\" width=\"833\" height=\"833\" srcset=\"https:\/\/berlin-reklame.de\/wp-content\/uploads\/2020\/12\/UV-Druck-Naturkarton-3D.jpg 833w, https:\/\/berlin-reklame.de\/wp-content\/uploads\/2020\/12\/UV-Druck-Naturkarton-3D-300x300.jpg 300w, https:\/\/berlin-reklame.de\/wp-content\/uploads\/2020\/12\/UV-Druck-Naturkarton-3D-150x150.jpg 150w, https:\/\/berlin-reklame.de\/wp-content\/uploads\/2020\/12\/UV-Druck-Naturkarton-3D-768x768.jpg 768w, https:\/\/berlin-reklame.de\/wp-content\/uploads\/2020\/12\/UV-Druck-Naturkarton-3D-12x12.jpg 12w, https:\/\/berlin-reklame.de\/wp-content\/uploads\/2020\/12\/UV-Druck-Naturkarton-3D-600x600.jpg 600w, https:\/\/berlin-reklame.de\/wp-content\/uploads\/2020\/12\/UV-Druck-Naturkarton-3D-100x100.jpg 100w\" sizes=\"(max-width: 833px) 100vw, 833px\" alt=\"uv druck white\" \t\tclass=\"so-widget-image\"\/>\n\t<\/div>\n\n<\/div><\/div><div id=\"panel-3891-3-2-1\" class=\"so-panel widget widget_sow-editor\" data-index=\"10\" ><div\n\t\t\t\n\t\t\tclass=\"so-widget-sow-editor so-widget-sow-editor-base\"\n\t\t\t\n\t\t>\n<div class=\"siteorigin-widget-tinymce textwidget\">\n\t<h2 style=\"text-align: center;\"><span style=\"font-size: 18pt; color: #003300;\"><strong>CARTON NATURAL<\/strong><\/span><\/h2>\n<p style=\"text-align: center;\"><span style=\"color: #003300;\"><strong><span style=\"font-size: 14pt;\">Blanco con relieve (hasta 3 mm.)<\/span><\/strong><\/span><\/p>\n<\/div>\n<\/div><\/div><div id=\"panel-3891-3-2-2\" class=\"so-panel widget widget_sow-button panel-last-child\" data-index=\"11\" ><div\n\t\t\t\n\t\t\tclass=\"so-widget-sow-button so-widget-sow-button-atom-5acfcca759f2-3891\"\n\t\t\t\n\t\t><div class=\"ow-button-base ow-button-align-center\"\n>\n\t\t\t<a\n\t\t\t\t\thref=\"mailto:info@berlin-reklame.de\"\n\t\t\t\t\tclass=\"sowb-button ow-icon-placement-right ow-button-hover\" \t>\n\t\t<span>\n\t\t\t<span class=\"sow-icon-fontawesome sow-far\" data-sow-icon=\"&#xf35a;\"\n\t\tstyle=\"color: #ffffff\" \n\t\taria-hidden=\"true\"><\/span>\n\t\t\tSolicitar precio\t\t<\/span>\n\t\t\t<\/a>\n\t<\/div>\n<\/div><\/div><\/div><\/div><div id=\"pg-3891-4\"  class=\"panel-grid panel-has-style\" ><div class=\"siteorigin-panels-stretch panel-row-style panel-row-style-for-3891-4\" data-stretch-type=\"full\" ><div id=\"pgc-3891-4-0\"  class=\"panel-grid-cell\" ><div id=\"panel-3891-4-0-0\" class=\"so-panel widget widget_sow-headline panel-first-child panel-last-child\" data-index=\"12\" ><div\n\t\t\t\n\t\t\tclass=\"so-widget-sow-headline so-widget-sow-headline-default-ca5deb31bea6-3891\"\n\t\t\t\n\t\t><div class=\"sow-headline-container\">\n\t\t\t\t\t\t\t<h2 class=\"sow-headline\">\n\t\t\t\t\t\tIMPRESI\u00d3N LATEX\t\t\t\t\t\t<\/h2>\n\t\t\t\t\t\t\t\t\t\t\t\t<h3 class=\"sow-sub-headline\">\n\t\t\t\t\t\tPara grandes cantidades y gran formato\t\t\t\t\t\t<\/h3>\n\t\t\t\t\t\t<\/div>\n<\/div><\/div><\/div><\/div><\/div><div id=\"pg-3891-5\"  class=\"panel-grid panel-no-style\" ><div id=\"pgc-3891-5-0\"  class=\"panel-grid-cell\" ><div id=\"panel-3891-5-0-0\" class=\"so-panel widget widget_sow-image panel-first-child\" data-index=\"13\" ><div\n\t\t\t\n\t\t\tclass=\"so-widget-sow-image so-widget-sow-image-default-46c7616ffdb5-3891\"\n\t\t\t\n\t\t>\n<div class=\"sow-image-container\">\n\t\t<img \n\tsrc=\"https:\/\/berlin-reklame.de\/wp-content\/uploads\/2020\/12\/Grossformatdruck-Wabenpappe-Berlin.jpg\" width=\"833\" height=\"833\" srcset=\"https:\/\/berlin-reklame.de\/wp-content\/uploads\/2020\/12\/Grossformatdruck-Wabenpappe-Berlin.jpg 833w, https:\/\/berlin-reklame.de\/wp-content\/uploads\/2020\/12\/Grossformatdruck-Wabenpappe-Berlin-300x300.jpg 300w, https:\/\/berlin-reklame.de\/wp-content\/uploads\/2020\/12\/Grossformatdruck-Wabenpappe-Berlin-150x150.jpg 150w, https:\/\/berlin-reklame.de\/wp-content\/uploads\/2020\/12\/Grossformatdruck-Wabenpappe-Berlin-768x768.jpg 768w, https:\/\/berlin-reklame.de\/wp-content\/uploads\/2020\/12\/Grossformatdruck-Wabenpappe-Berlin-12x12.jpg 12w, https:\/\/berlin-reklame.de\/wp-content\/uploads\/2020\/12\/Grossformatdruck-Wabenpappe-Berlin-600x600.jpg 600w, https:\/\/berlin-reklame.de\/wp-content\/uploads\/2020\/12\/Grossformatdruck-Wabenpappe-Berlin-100x100.jpg 100w\" sizes=\"(max-width: 833px) 100vw, 833px\" alt=\"green event service\" \t\tclass=\"so-widget-image\"\/>\n\t<\/div>\n\n<\/div><\/div><div id=\"panel-3891-5-0-1\" class=\"so-panel widget widget_sow-editor\" data-index=\"14\" ><div\n\t\t\t\n\t\t\tclass=\"so-widget-sow-editor so-widget-sow-editor-base\"\n\t\t\t\n\t\t>\n<div class=\"siteorigin-widget-tinymce textwidget\">\n\t<h2 style=\"text-align: center;\"><span style=\"color: #003300;\"><span style=\"font-size: 24px;\"><b>CARTELES PUBLICITARIOS<\/b><\/span><\/span><\/h2>\n<p style=\"text-align: center;\"><span style=\"color: #003300;\"><strong><span style=\"font-size: 14pt;\">Cart\u00f3n panal de abeja<br \/>\nPapel impreso<\/span><\/strong><\/span><\/p>\n<\/div>\n<\/div><\/div><div id=\"panel-3891-5-0-2\" class=\"so-panel widget widget_sow-button panel-last-child\" data-index=\"15\" ><div\n\t\t\t\n\t\t\tclass=\"so-widget-sow-button so-widget-sow-button-atom-5acfcca759f2-3891\"\n\t\t\t\n\t\t><div class=\"ow-button-base ow-button-align-center\"\n>\n\t\t\t<a\n\t\t\t\t\thref=\"mailto:info@berlin-reklame.de\"\n\t\t\t\t\tclass=\"sowb-button ow-icon-placement-right ow-button-hover\" \t>\n\t\t<span>\n\t\t\t<span class=\"sow-icon-fontawesome sow-far\" data-sow-icon=\"&#xf35a;\"\n\t\tstyle=\"color: #ffffff\" \n\t\taria-hidden=\"true\"><\/span>\n\t\t\tSolicitar precio\t\t<\/span>\n\t\t\t<\/a>\n\t<\/div>\n<\/div><\/div><\/div><div id=\"pgc-3891-5-1\"  class=\"panel-grid-cell\" ><div id=\"panel-3891-5-1-0\" class=\"so-panel widget widget_sow-image panel-first-child\" data-index=\"16\" ><div\n\t\t\t\n\t\t\tclass=\"so-widget-sow-image so-widget-sow-image-default-46c7616ffdb5-3891\"\n\t\t\t\n\t\t>\n<div class=\"sow-image-container\">\n\t\t<img \n\tsrc=\"https:\/\/berlin-reklame.de\/wp-content\/uploads\/2020\/12\/Grossformatdruck-Karton-Berlin.jpg\" width=\"833\" height=\"833\" srcset=\"https:\/\/berlin-reklame.de\/wp-content\/uploads\/2020\/12\/Grossformatdruck-Karton-Berlin.jpg 833w, https:\/\/berlin-reklame.de\/wp-content\/uploads\/2020\/12\/Grossformatdruck-Karton-Berlin-300x300.jpg 300w, https:\/\/berlin-reklame.de\/wp-content\/uploads\/2020\/12\/Grossformatdruck-Karton-Berlin-150x150.jpg 150w, https:\/\/berlin-reklame.de\/wp-content\/uploads\/2020\/12\/Grossformatdruck-Karton-Berlin-768x768.jpg 768w, https:\/\/berlin-reklame.de\/wp-content\/uploads\/2020\/12\/Grossformatdruck-Karton-Berlin-12x12.jpg 12w, https:\/\/berlin-reklame.de\/wp-content\/uploads\/2020\/12\/Grossformatdruck-Karton-Berlin-600x600.jpg 600w, https:\/\/berlin-reklame.de\/wp-content\/uploads\/2020\/12\/Grossformatdruck-Karton-Berlin-100x100.jpg 100w\" sizes=\"(max-width: 833px) 100vw, 833px\" alt=\"\" \t\tclass=\"so-widget-image\"\/>\n\t<\/div>\n\n<\/div><\/div><div id=\"panel-3891-5-1-1\" class=\"so-panel widget widget_sow-editor\" data-index=\"17\" ><div\n\t\t\t\n\t\t\tclass=\"so-widget-sow-editor so-widget-sow-editor-base\"\n\t\t\t\n\t\t>\n<div class=\"siteorigin-widget-tinymce textwidget\">\n\t<h2 style=\"text-align: center;\"><span style=\"font-size: 18pt; color: #003300;\"><strong>CARTELES SUGERENCIAS<\/strong><\/span><\/h2>\n<p style=\"text-align: center;\"><span style=\"color: #003300;\"><strong><span style=\"font-size: 14pt;\">Cart\u00f3n natural 3 mm<br \/>\nPapel impreso<\/span><\/strong><\/span><\/p>\n<\/div>\n<\/div><\/div><div id=\"panel-3891-5-1-2\" class=\"so-panel widget widget_sow-button panel-last-child\" data-index=\"18\" ><div\n\t\t\t\n\t\t\tclass=\"so-widget-sow-button so-widget-sow-button-atom-5acfcca759f2-3891\"\n\t\t\t\n\t\t><div class=\"ow-button-base ow-button-align-center\"\n>\n\t\t\t<a\n\t\t\t\t\thref=\"mailto:info@berlin-reklame.de\"\n\t\t\t\t\tclass=\"sowb-button ow-icon-placement-right ow-button-hover\" \t>\n\t\t<span>\n\t\t\t<span class=\"sow-icon-fontawesome sow-far\" data-sow-icon=\"&#xf35a;\"\n\t\tstyle=\"color: #ffffff\" \n\t\taria-hidden=\"true\"><\/span>\n\t\t\tSolicitar precio\t\t<\/span>\n\t\t\t<\/a>\n\t<\/div>\n<\/div><\/div><\/div><div id=\"pgc-3891-5-2\"  class=\"panel-grid-cell\" ><div id=\"panel-3891-5-2-0\" class=\"so-panel widget widget_sow-image panel-first-child\" data-index=\"19\" ><div\n\t\t\t\n\t\t\tclass=\"so-widget-sow-image so-widget-sow-image-default-46c7616ffdb5-3891\"\n\t\t\t\n\t\t>\n<div class=\"sow-image-container\">\n\t\t<img \n\tsrc=\"https:\/\/berlin-reklame.de\/wp-content\/uploads\/2020\/12\/Umweltverpackung-Aufkleber-BR-3.jpg\" width=\"473\" height=\"473\" srcset=\"https:\/\/berlin-reklame.de\/wp-content\/uploads\/2020\/12\/Umweltverpackung-Aufkleber-BR-3.jpg 473w, https:\/\/berlin-reklame.de\/wp-content\/uploads\/2020\/12\/Umweltverpackung-Aufkleber-BR-3-300x300.jpg 300w, https:\/\/berlin-reklame.de\/wp-content\/uploads\/2020\/12\/Umweltverpackung-Aufkleber-BR-3-150x150.jpg 150w, https:\/\/berlin-reklame.de\/wp-content\/uploads\/2020\/12\/Umweltverpackung-Aufkleber-BR-3-12x12.jpg 12w, https:\/\/berlin-reklame.de\/wp-content\/uploads\/2020\/12\/Umweltverpackung-Aufkleber-BR-3-100x100.jpg 100w\" sizes=\"(max-width: 473px) 100vw, 473px\" alt=\"green event service\" \t\tclass=\"so-widget-image\"\/>\n\t<\/div>\n\n<\/div><\/div><div id=\"panel-3891-5-2-1\" class=\"so-panel widget widget_sow-editor\" data-index=\"20\" ><div\n\t\t\t\n\t\t\tclass=\"so-widget-sow-editor so-widget-sow-editor-base\"\n\t\t\t\n\t\t>\n<div class=\"siteorigin-widget-tinymce textwidget\">\n\t<h2 style=\"text-align: center;\"><span style=\"font-size: 18pt; color: #003300;\"><strong>PEGATINA DE PAPEL<\/strong><\/span><\/h2>\n<p style=\"text-align: center;\"><span style=\"color: #003300;\"><strong><span style=\"font-size: 14pt;\">Adhesiva<br \/>\nForma seg\u00fan dise\u00f1o<\/span><\/strong><\/span><\/p>\n<\/div>\n<\/div><\/div><div id=\"panel-3891-5-2-2\" class=\"so-panel widget widget_sow-button panel-last-child\" data-index=\"21\" ><div\n\t\t\t\n\t\t\tclass=\"so-widget-sow-button so-widget-sow-button-atom-5acfcca759f2-3891\"\n\t\t\t\n\t\t><div class=\"ow-button-base ow-button-align-center\"\n>\n\t\t\t<a\n\t\t\t\t\thref=\"mailto:info@berlin-reklame.de\"\n\t\t\t\t\tclass=\"sowb-button ow-icon-placement-right ow-button-hover\" \t>\n\t\t<span>\n\t\t\t<span class=\"sow-icon-fontawesome sow-far\" data-sow-icon=\"&#xf35a;\"\n\t\tstyle=\"color: #ffffff\" \n\t\taria-hidden=\"true\"><\/span>\n\t\t\tSolicitar precio\t\t<\/span>\n\t\t\t<\/a>\n\t<\/div>\n<\/div><\/div><\/div><\/div><div id=\"pg-3891-6\"  class=\"panel-grid panel-has-style\" ><div class=\"siteorigin-panels-stretch panel-row-style panel-row-style-for-3891-6\" data-stretch-type=\"full\" ><div id=\"pgc-3891-6-0\"  class=\"panel-grid-cell\" ><div id=\"panel-3891-6-0-0\" class=\"so-panel widget widget_sow-editor panel-first-child panel-last-child\" data-index=\"22\" ><div class=\"panel-widget-style panel-widget-style-for-3891-6-0-0\" ><div\n\t\t\t\n\t\t\tclass=\"so-widget-sow-editor so-widget-sow-editor-base\"\n\t\t\t\n\t\t>\n<div class=\"siteorigin-widget-tinymce textwidget\">\n\t<h2><span style=\"color: #3b7c25;\">Ecol\u00f3gico tambi\u00e9n para exterior?<\/span><\/h2>\n<p>&nbsp;<\/p>\n<p><span style=\"color: #3b7c25; font-size: 12pt;\">Claro, esto funciona con la tecnolog\u00eda innovadora basada en pulpa de madera, por lo que tambi\u00e9n podemos ofrecer carteles para uso en exteriores a medio plazo.<\/span><\/p>\n<p><span style=\"font-size: 12pt; color: #3b7c25;\">Los letreros se pueden imprimir por ambas caras con UV y l\u00e1tex, y tambi\u00e9n est\u00e1n disponibles con diferentes superficies como una estructura de lino gofrado o en colores ne\u00f3n.<\/span><\/p>\n<p><span style=\"color: #3b7c25; font-size: 12pt;\">Si tienes alguna duda, estaremos encantados de asesorarte, ll\u00e1manos al:\u00a0<strong>+49 30 401 055 64<\/strong><\/span><\/p>\n<\/div>\n<\/div><\/div><\/div><\/div><div id=\"pgc-3891-6-1\"  class=\"panel-grid-cell\" ><div id=\"panel-3891-6-1-0\" class=\"so-panel widget widget_sow-image panel-first-child panel-last-child\" data-index=\"23\" ><div\n\t\t\t\n\t\t\tclass=\"so-widget-sow-image so-widget-sow-image-default-8b5b6f678277-3891\"\n\t\t\t\n\t\t>\n<div class=\"sow-image-container\">\n\t\t<img \n\tsrc=\"https:\/\/berlin-reklame.de\/wp-content\/uploads\/2020\/06\/karly-santiago-d2fa-R8hATk-unsplash-e1592997989559.jpg\" width=\"480\" height=\"480\" srcset=\"https:\/\/berlin-reklame.de\/wp-content\/uploads\/2020\/06\/karly-santiago-d2fa-R8hATk-unsplash-e1592997989559.jpg 480w, https:\/\/berlin-reklame.de\/wp-content\/uploads\/2020\/06\/karly-santiago-d2fa-R8hATk-unsplash-e1592997989559-300x300.jpg 300w, https:\/\/berlin-reklame.de\/wp-content\/uploads\/2020\/06\/karly-santiago-d2fa-R8hATk-unsplash-e1592997989559-150x150.jpg 150w, https:\/\/berlin-reklame.de\/wp-content\/uploads\/2020\/06\/karly-santiago-d2fa-R8hATk-unsplash-e1592997989559-100x100.jpg 100w\" sizes=\"(max-width: 480px) 100vw, 480px\" title=\"karly-santiago-d2fa-R8hATk-unsplash\" alt=\"digitaldruck_berlin\" \t\tclass=\"so-widget-image\"\/>\n\t<\/div>\n\n<\/div><\/div><\/div><\/div><\/div><div id=\"pg-3891-7\"  class=\"panel-grid panel-has-style\" ><div class=\"siteorigin-panels-stretch panel-row-style panel-row-style-for-3891-7\" data-stretch-type=\"full\" ><div id=\"pgc-3891-7-0\"  class=\"panel-grid-cell\" ><div id=\"panel-3891-7-0-0\" class=\"so-panel widget widget_sow-headline panel-first-child panel-last-child\" data-index=\"24\" ><div\n\t\t\t\n\t\t\tclass=\"so-widget-sow-headline so-widget-sow-headline-default-ca5deb31bea6-3891\"\n\t\t\t\n\t\t><div class=\"sow-headline-container\">\n\t\t\t\t\t\t\t<h2 class=\"sow-headline\">\n\t\t\t\t\t\tREFERENCIAS\t\t\t\t\t\t<\/h2>\n\t\t\t\t\t\t\t\t\t\t\t\t<h3 class=\"sow-sub-headline\">\n\t\t\t\t\t\tClientes que satisfechos con nuestras soluciones ecol\u00f3gicas\t\t\t\t\t\t<\/h3>\n\t\t\t\t\t\t<\/div>\n<\/div><\/div><\/div><\/div><\/div><div id=\"pg-3891-8\"  class=\"panel-grid panel-has-style\" ><div class=\"siteorigin-panels-stretch panel-row-style panel-row-style-for-3891-8\" data-stretch-type=\"full\" ><div id=\"pgc-3891-8-0\"  class=\"panel-grid-cell\" ><div id=\"panel-3891-8-0-0\" class=\"so-panel widget widget_sow-image panel-first-child panel-last-child\" data-index=\"25\" ><div\n\t\t\t\n\t\t\tclass=\"so-widget-sow-image so-widget-sow-image-default-c67d20f9f743-3891\"\n\t\t\t\n\t\t>\n<div class=\"sow-image-container\">\n\t\t<img \n\tsrc=\"https:\/\/berlin-reklame.de\/wp-content\/uploads\/2015\/11\/Referenz_17.jpg\" width=\"162\" height=\"138\" sizes=\"(max-width: 162px) 100vw, 162px\" alt=\"\" \t\tclass=\"so-widget-image\"\/>\n\t<\/div>\n\n<\/div><\/div><\/div><div id=\"pgc-3891-8-1\"  class=\"panel-grid-cell\" ><div id=\"panel-3891-8-1-0\" class=\"so-panel widget widget_sow-image panel-first-child panel-last-child\" data-index=\"26\" ><div\n\t\t\t\n\t\t\tclass=\"so-widget-sow-image so-widget-sow-image-default-c67d20f9f743-3891\"\n\t\t\t\n\t\t>\n<div class=\"sow-image-container\">\n\t\t<img \n\tsrc=\"https:\/\/berlin-reklame.de\/wp-content\/uploads\/2020\/06\/Act-Green-e1592922057788.jpg\" width=\"162\" height=\"132\" sizes=\"(max-width: 162px) 100vw, 162px\" title=\"Act Green\" alt=\"Act Green\" \t\tclass=\"so-widget-image\"\/>\n\t<\/div>\n\n<\/div><\/div><\/div><div id=\"pgc-3891-8-2\"  class=\"panel-grid-cell\" ><div id=\"panel-3891-8-2-0\" class=\"so-panel widget widget_sow-image panel-first-child panel-last-child\" data-index=\"27\" ><div\n\t\t\t\n\t\t\tclass=\"so-widget-sow-image so-widget-sow-image-default-c67d20f9f743-3891\"\n\t\t\t\n\t\t>\n<div class=\"sow-image-container\">\n\t\t<img \n\tsrc=\"https:\/\/berlin-reklame.de\/wp-content\/uploads\/2020\/04\/Mister_Spex_Logo.jpg\" width=\"162\" height=\"138\" sizes=\"(max-width: 162px) 100vw, 162px\" alt=\"Mister_Spex_plakat\" \t\tclass=\"so-widget-image\"\/>\n\t<\/div>\n\n<\/div><\/div><\/div><div id=\"pgc-3891-8-3\"  class=\"panel-grid-cell\" ><div id=\"panel-3891-8-3-0\" class=\"so-panel widget widget_sow-image panel-first-child panel-last-child\" data-index=\"28\" ><div\n\t\t\t\n\t\t\tclass=\"so-widget-sow-image so-widget-sow-image-default-c67d20f9f743-3891\"\n\t\t\t\n\t\t>\n<div class=\"sow-image-container\">\n\t\t<img \n\tsrc=\"https:\/\/berlin-reklame.de\/wp-content\/uploads\/2018\/05\/Referenz_25.jpg\" width=\"162\" height=\"138\" sizes=\"(max-width: 162px) 100vw, 162px\" alt=\"\" \t\tclass=\"so-widget-image\"\/>\n\t<\/div>\n\n<\/div><\/div><\/div><\/div><\/div><div id=\"pg-3891-9\"  class=\"panel-grid panel-has-style\" ><div class=\"siteorigin-panels-stretch panel-row-style panel-row-style-for-3891-9\" data-stretch-type=\"full-width-stretch\" ><div id=\"pgc-3891-9-0\"  class=\"panel-grid-cell\" ><div id=\"panel-3891-9-0-0\" class=\"so-panel widget widget_sow-editor panel-first-child panel-last-child\" data-index=\"29\" ><div class=\"panel-widget-style panel-widget-style-for-3891-9-0-0\" ><div\n\t\t\t\n\t\t\tclass=\"so-widget-sow-editor so-widget-sow-editor-base\"\n\t\t\t\n\t\t>\n<div class=\"siteorigin-widget-tinymce textwidget\">\n\t<h1 style=\"text-align: center;\"><span style=\"color: #ffffff; font-size: 24pt;\"><strong>BERLIN REKLAME<\/strong><\/span><\/h1>\n<h1 style=\"text-align: center;\"><span style=\"color: #ffffff; font-size: 24pt;\"><strong>La protecci\u00f3n del medio ambiente es importante para nosotros<\/strong><\/span><\/h1>\n<p>&nbsp;<\/p>\n<h2 style=\"text-align: center;\"><strong><span style=\"color: #ffffff;\">Su socio Nr.1 en Berl\u00edn para la una publicitaria sostenible<\/span><\/strong><\/h2>\n<\/div>\n<\/div><\/div><\/div><\/div><\/div><\/div><div id=\"pg-3891-10\"  class=\"panel-grid panel-has-style\" ><div class=\"siteorigin-panels-stretch panel-row-style panel-row-style-for-3891-10\" data-stretch-type=\"full\" ><div id=\"pgc-3891-10-0\"  class=\"panel-grid-cell\" ><div id=\"panel-3891-10-0-0\" class=\"so-panel widget widget_sow-headline panel-first-child panel-last-child\" data-index=\"30\" ><div class=\"panel-widget-style panel-widget-style-for-3891-10-0-0\" ><div\n\t\t\t\n\t\t\tclass=\"so-widget-sow-headline so-widget-sow-headline-default-af1fb45d7650-3891\"\n\t\t\t\n\t\t><div class=\"sow-headline-container\">\n\t\t\t\t\t\t\t<h1 class=\"sow-headline\">\n\t\t\t\t\t\tSUSTENTABILIDAD\t\t\t\t\t\t<\/h1>\n\t\t\t\t\t\t\t\t\t\t\t<div class=\"decoration\">\n\t\t\t\t\t\t<div class=\"decoration-inside\"><\/div>\n\t\t\t\t\t<\/div>\n\t\t\t\t\t\t\t\t\t\t\t<h3 class=\"sow-sub-headline\">\n\t\t\t\t\t\tPara nosotros, sustentable significa acci\u00f3n y trabajo con conciencia ambiental. Con materiales y m\u00e1quinas que ahorran recursos.\t\t\t\t\t\t<\/h3>\n\t\t\t\t\t\t<\/div>\n<\/div><\/div><\/div><\/div><\/div><\/div><div id=\"pg-3891-11\"  class=\"panel-grid panel-has-style\" ><div class=\"panel-row-style panel-row-style-for-3891-11\" ><div id=\"pgc-3891-11-0\"  class=\"panel-grid-cell\" ><div id=\"panel-3891-11-0-0\" class=\"so-panel widget widget_sow-editor panel-first-child\" data-index=\"31\" ><div class=\"panel-widget-style panel-widget-style-for-3891-11-0-0\" ><div\n\t\t\t\n\t\t\tclass=\"so-widget-sow-editor so-widget-sow-editor-base\"\n\t\t\t\n\t\t>\n<div class=\"siteorigin-widget-tinymce textwidget\">\n\t<p style=\"text-align: center;\"><span style=\"font-size: 14pt; color: #003300;\"><strong>Donde otros hablan mucho, nosotros nos ponemos en acci\u00f3n.<\/strong><\/span><\/p>\n<p style=\"text-align: center;\"><span style=\"color: #003300; font-size: 12pt;\">Nuestra motivaci\u00f3n por la sostenibilidad: porque el ma\u00f1ana cuenta y queremos darles a nuestros hijos un planeta saludable para vivir.<\/span><\/p>\n<\/div>\n<\/div><\/div><\/div><div id=\"panel-3891-11-0-1\" class=\"so-panel widget widget_lsow-features panel-last-child\" data-index=\"32\" ><div class=\"panel-widget-style panel-widget-style-for-3891-11-0-1\" ><div\n\t\t\t\n\t\t\tclass=\"so-widget-lsow-features so-widget-lsow-features-default-d75171398898-3891\"\n\t\t\t\n\t\t>\n<div class=\"lsow-features lsow-container\"><div class=\"lsow-feature lsow-image-text-toggle\"><div class=\"lsow-feature-image lsow-image-content\" ><img decoding=\"async\" width=\"640\" height=\"424\" src=\"https:\/\/berlin-reklame.de\/wp-content\/uploads\/2020\/08\/zbynek-burival-4NhqyQeErP8-unsplash.jpg\" class=\"image full\" alt=\"\" srcset=\"https:\/\/berlin-reklame.de\/wp-content\/uploads\/2020\/08\/zbynek-burival-4NhqyQeErP8-unsplash.jpg 640w, https:\/\/berlin-reklame.de\/wp-content\/uploads\/2020\/08\/zbynek-burival-4NhqyQeErP8-unsplash-300x199.jpg 300w, https:\/\/berlin-reklame.de\/wp-content\/uploads\/2020\/08\/zbynek-burival-4NhqyQeErP8-unsplash-600x398.jpg 600w\" sizes=\"(max-width: 640px) 100vw, 640px\" \/><\/div><!-- .lsow-feature-image --><div class=\"lsow-feature-text lsow-text-content\" ><div class=\"lsow-subtitle\"><\/div><h3 class=\"lsow-title\"><\/h3><div class=\"lsow-feature-details\"><h2><span style=\"color: #003300;\"><strong>PRODUCTOS ECOL\u00d3GICOS<\/strong><\/span><\/h2>\n<p>&nbsp;<\/p>\n<ul>\n<li><span style=\"color: #008000; font-size: 14pt;\"><strong>Eergia verde - Greenpeace Energy<\/strong><\/span><\/li>\n<li><span style=\"color: #008000; font-size: 14pt;\"><strong>Impresi\u00f3n Latex<\/strong><\/span><\/li>\n<li><span style=\"color: #008000; font-size: 14pt;\"><strong>Impresi\u00f3n UV-Led<\/strong><\/span><\/li>\n<li><span style=\"color: #008000; font-size: 14pt;\"><strong>Productos de limpieza ecol\u00f3gicos<\/strong><\/span><\/li>\n<li><span style=\"color: #008000; font-size: 14pt;\"><strong>Tinta ecol\u00f3gica<\/strong><\/span><\/li>\n<li><span style=\"color: #008000; font-size: 14pt;\"><strong>Clasificaci\u00f3n cuidadosa de residuos<\/strong><\/span><\/li>\n<li><span style=\"color: #008000; font-size: 14pt;\"><strong>Regionaler Recyclepartner<\/strong><\/span><\/li>\n<li><span style=\"color: #008000; font-size: 14pt;\"><strong>Regionaler Folienlieferant<\/strong><\/span><\/li>\n<\/ul>\n<\/div><\/div><!-- .lsow-feature-text --><\/div><!-- .lsow-feature --><div class=\"lsow-feature lsow-image-text-toggle\"><div class=\"lsow-feature-image lsow-image-content\" ><img decoding=\"async\" width=\"640\" height=\"427\" src=\"https:\/\/berlin-reklame.de\/wp-content\/uploads\/2020\/08\/david-vig-qwHHOC2z5Xs-unsplash.jpg\" class=\"image full\" alt=\"\" srcset=\"https:\/\/berlin-reklame.de\/wp-content\/uploads\/2020\/08\/david-vig-qwHHOC2z5Xs-unsplash.jpg 640w, https:\/\/berlin-reklame.de\/wp-content\/uploads\/2020\/08\/david-vig-qwHHOC2z5Xs-unsplash-300x200.jpg 300w, https:\/\/berlin-reklame.de\/wp-content\/uploads\/2020\/08\/david-vig-qwHHOC2z5Xs-unsplash-600x400.jpg 600w, https:\/\/berlin-reklame.de\/wp-content\/uploads\/2020\/08\/david-vig-qwHHOC2z5Xs-unsplash-272x182.jpg 272w\" sizes=\"(max-width: 640px) 100vw, 640px\" \/><\/div><!-- .lsow-feature-image --><div class=\"lsow-feature-text lsow-text-content\" ><div class=\"lsow-subtitle\"><\/div><h3 class=\"lsow-title\"><\/h3><div class=\"lsow-feature-details\"><h2><span style=\"color: #003300;\"><strong>PRODUCTOS RECICLABLES<\/strong><\/span><\/h2>\n<p>&nbsp;<\/p>\n<ul>\n<li><span style=\"color: #008000; font-size: 14pt;\"><strong>Carteles Eco-Lollipop<\/strong><\/span><\/li>\n<li><span style=\"color: #008000; font-size: 14pt;\"><strong>Letreros publicitarios 100% reciclables<\/strong><\/span><\/li>\n<li><span style=\"color: #008000; font-size: 14pt;\"><strong>Papel adhesivo (PVC-Free)<\/strong><\/span><\/li>\n<li><span style=\"color: #008000; font-size: 14pt;\"><strong>Cart\u00f3n natural 3 mm<\/strong><\/span><\/li>\n<li><span style=\"color: #008000; font-size: 14pt;\"><strong>Reemplazo de cart\u00f3n de madera (hasta 5 mm)<\/strong><\/span><\/li>\n<li><span style=\"color: #008000; font-size: 14pt;\"><strong>Impresi\u00f3n sobre superficies naturales (madera - piedra - metal)<\/strong><\/span><\/li>\n<\/ul>\n<\/div><\/div><!-- .lsow-feature-text --><\/div><!-- .lsow-feature --><div class=\"lsow-feature lsow-image-text-toggle\"><div class=\"lsow-feature-image lsow-image-content\" ><img decoding=\"async\" width=\"640\" height=\"427\" src=\"https:\/\/berlin-reklame.de\/wp-content\/uploads\/2020\/08\/flo-karr-nCj0zBLIaAk-unsplash.jpg\" class=\"image full\" alt=\"\" srcset=\"https:\/\/berlin-reklame.de\/wp-content\/uploads\/2020\/08\/flo-karr-nCj0zBLIaAk-unsplash.jpg 640w, https:\/\/berlin-reklame.de\/wp-content\/uploads\/2020\/08\/flo-karr-nCj0zBLIaAk-unsplash-300x200.jpg 300w, https:\/\/berlin-reklame.de\/wp-content\/uploads\/2020\/08\/flo-karr-nCj0zBLIaAk-unsplash-600x400.jpg 600w, https:\/\/berlin-reklame.de\/wp-content\/uploads\/2020\/08\/flo-karr-nCj0zBLIaAk-unsplash-272x182.jpg 272w\" sizes=\"(max-width: 640px) 100vw, 640px\" \/><\/div><!-- .lsow-feature-image --><div class=\"lsow-feature-text lsow-text-content\" ><div class=\"lsow-subtitle\"><\/div><h3 class=\"lsow-title\"><\/h3><div class=\"lsow-feature-details\"><h2><span style=\"color: #003300;\"><strong>ACCI\u00d3N SOSTENIBLE<\/strong><\/span><\/h2>\n<p>&nbsp;<\/p>\n<ul>\n<li><span style=\"color: #008000; font-size: 14pt;\"><strong>Distribuidores y proveedores regionales<\/strong><\/span><\/li>\n<li><span style=\"color: #008000; font-size: 14pt;\"><strong>Usamos transporte p\u00fablico oara nuestros desplazamientos<\/strong><\/span><\/li>\n<li><span style=\"color: #008000; font-size: 14pt;\"><strong>Buscador Ecosia<\/strong><\/span><\/li>\n<\/ul>\n<\/div><\/div><!-- .lsow-feature-text --><\/div><!-- .lsow-feature --><div class=\"lsow-feature lsow-image-text-toggle\"><div class=\"lsow-feature-image lsow-image-content\" ><img decoding=\"async\" width=\"860\" height=\"574\" src=\"https:\/\/berlin-reklame.de\/wp-content\/uploads\/2020\/08\/luku-muffin-CP_5KzXniWY-unsplash-1024x683.jpg\" class=\"image full\" alt=\"\" srcset=\"https:\/\/berlin-reklame.de\/wp-content\/uploads\/2020\/08\/luku-muffin-CP_5KzXniWY-unsplash-1024x683.jpg 1024w, https:\/\/berlin-reklame.de\/wp-content\/uploads\/2020\/08\/luku-muffin-CP_5KzXniWY-unsplash-300x200.jpg 300w, https:\/\/berlin-reklame.de\/wp-content\/uploads\/2020\/08\/luku-muffin-CP_5KzXniWY-unsplash-768x512.jpg 768w, https:\/\/berlin-reklame.de\/wp-content\/uploads\/2020\/08\/luku-muffin-CP_5KzXniWY-unsplash-1536x1024.jpg 1536w, https:\/\/berlin-reklame.de\/wp-content\/uploads\/2020\/08\/luku-muffin-CP_5KzXniWY-unsplash-2048x1365.jpg 2048w, https:\/\/berlin-reklame.de\/wp-content\/uploads\/2020\/08\/luku-muffin-CP_5KzXniWY-unsplash-600x400.jpg 600w, https:\/\/berlin-reklame.de\/wp-content\/uploads\/2020\/08\/luku-muffin-CP_5KzXniWY-unsplash-272x182.jpg 272w\" sizes=\"(max-width: 860px) 100vw, 860px\" \/><\/div><!-- .lsow-feature-image --><div class=\"lsow-feature-text lsow-text-content\" ><div class=\"lsow-subtitle\"><\/div><h3 class=\"lsow-title\"><\/h3><div class=\"lsow-feature-details\"><h2><span style=\"color: #003300;\"><strong>EMBALAJE AMBIENTALMENTE AMIGABLE<\/strong><\/span><\/h2>\n<p>&nbsp;<\/p>\n<ul>\n<li><span style=\"color: #008000; font-size: 14pt;\"><strong>CArbon Neutral Versand\u00a0<\/strong><\/span><\/li>\n<li><span style=\"color: #008000; font-size: 14pt;\"><strong>Alte Verpackungen wieder aufbereiten (Re-Used)<\/strong><\/span><\/li>\n<li><span style=\"color: #008000; font-size: 14pt;\"><strong>Luftpolsterfolie aus nachwachsenden Rohstoffen<\/strong><\/span><\/li>\n<li><span style=\"color: #008000; font-size: 14pt;\"><strong>Transportwege reduzieren<\/strong><\/span><\/li>\n<li><span style=\"color: #008000; font-size: 14pt;\"><strong>Papierklebeband<br \/>\n<\/strong><\/span><\/li>\n<li><span style=\"color: #008000; font-size: 14pt;\"><strong>Pappkarton-Verpackung 100%<\/strong><\/span><\/li>\n<\/ul>\n<\/div><\/div><!-- .lsow-feature-text --><\/div><!-- .lsow-feature --><\/div><!-- .lsow-features --><\/div><\/div><\/div><\/div><\/div><\/div><div id=\"pg-3891-12\"  class=\"panel-grid panel-has-style\" ><div class=\"siteorigin-panels-stretch panel-row-style panel-row-style-for-3891-12\" data-stretch-type=\"full\" ><div id=\"pgc-3891-12-0\"  class=\"panel-grid-cell\" ><div id=\"panel-3891-12-0-0\" class=\"so-panel widget widget_sow-headline panel-first-child panel-last-child\" data-index=\"33\" ><div\n\t\t\t\n\t\t\tclass=\"so-widget-sow-headline so-widget-sow-headline-default-af1fb45d7650-3891\"\n\t\t\t\n\t\t><div class=\"sow-headline-container\">\n\t\t\t\t\t\t\t<h1 class=\"sow-headline\">\n\t\t\t\t\t\tETIQUETA AMBIENTAL DE BERLIN REKLAME\t\t\t\t\t\t<\/h1>\n\t\t\t\t\t\t\t\t\t\t\t<div class=\"decoration\">\n\t\t\t\t\t\t<div class=\"decoration-inside\"><\/div>\n\t\t\t\t\t<\/div>\n\t\t\t\t\t\t\t\t\t\t\t<h3 class=\"sow-sub-headline\">\n\t\t\t\t\t\tNuestro s\u00edmbolo para productos y envases reciclables\t\t\t\t\t\t<\/h3>\n\t\t\t\t\t\t<\/div>\n<\/div><\/div><\/div><\/div><\/div><div id=\"pg-3891-13\"  class=\"panel-grid panel-has-style\" ><div class=\"siteorigin-panels-stretch panel-row-style panel-row-style-for-3891-13\" data-stretch-type=\"full\" ><div id=\"pgc-3891-13-0\"  class=\"panel-grid-cell\" ><div id=\"panel-3891-13-0-0\" class=\"so-panel widget widget_sow-image panel-first-child panel-last-child\" data-index=\"34\" ><div\n\t\t\t\n\t\t\tclass=\"so-widget-sow-image so-widget-sow-image-default-dbf295114b96-3891\"\n\t\t\t\n\t\t>\n<div class=\"sow-image-container\">\n\t\t<img \n\tsrc=\"https:\/\/berlin-reklame.de\/wp-content\/uploads\/2020\/12\/Umweltverpackung-Aufkleber-BR-3.jpg\" width=\"473\" height=\"473\" srcset=\"https:\/\/berlin-reklame.de\/wp-content\/uploads\/2020\/12\/Umweltverpackung-Aufkleber-BR-3.jpg 473w, https:\/\/berlin-reklame.de\/wp-content\/uploads\/2020\/12\/Umweltverpackung-Aufkleber-BR-3-300x300.jpg 300w, https:\/\/berlin-reklame.de\/wp-content\/uploads\/2020\/12\/Umweltverpackung-Aufkleber-BR-3-150x150.jpg 150w, https:\/\/berlin-reklame.de\/wp-content\/uploads\/2020\/12\/Umweltverpackung-Aufkleber-BR-3-12x12.jpg 12w, https:\/\/berlin-reklame.de\/wp-content\/uploads\/2020\/12\/Umweltverpackung-Aufkleber-BR-3-100x100.jpg 100w\" sizes=\"(max-width: 473px) 100vw, 473px\" alt=\"green event service\" \t\tclass=\"so-widget-image\"\/>\n\t<\/div>\n\n<\/div><\/div><\/div><div id=\"pgc-3891-13-1\"  class=\"panel-grid-cell\" ><div id=\"panel-3891-13-1-0\" class=\"so-panel widget widget_sow-image panel-first-child panel-last-child\" data-index=\"35\" ><div\n\t\t\t\n\t\t\tclass=\"so-widget-sow-image so-widget-sow-image-default-dbf295114b96-3891\"\n\t\t\t\n\t\t>\n<div class=\"sow-image-container\">\n\t\t<img \n\tsrc=\"https:\/\/berlin-reklame.de\/wp-content\/uploads\/2020\/12\/Umweltverpackung-Aufkleber-BR-1-768x987-1.jpg\" width=\"768\" height=\"987\" srcset=\"https:\/\/berlin-reklame.de\/wp-content\/uploads\/2020\/12\/Umweltverpackung-Aufkleber-BR-1-768x987-1.jpg 768w, https:\/\/berlin-reklame.de\/wp-content\/uploads\/2020\/12\/Umweltverpackung-Aufkleber-BR-1-768x987-1-233x300.jpg 233w, https:\/\/berlin-reklame.de\/wp-content\/uploads\/2020\/12\/Umweltverpackung-Aufkleber-BR-1-768x987-1-9x12.jpg 9w, https:\/\/berlin-reklame.de\/wp-content\/uploads\/2020\/12\/Umweltverpackung-Aufkleber-BR-1-768x987-1-600x771.jpg 600w\" sizes=\"(max-width: 768px) 100vw, 768px\" title=\"Umweltverpackung-Aufkleber-BR-1-768&#215;987\" alt=\"green event service\" \t\tclass=\"so-widget-image\"\/>\n\t<\/div>\n\n<\/div><\/div><\/div><div id=\"pgc-3891-13-2\"  class=\"panel-grid-cell\" ><div id=\"panel-3891-13-2-0\" class=\"so-panel widget widget_sow-image panel-first-child panel-last-child\" data-index=\"36\" ><div\n\t\t\t\n\t\t\tclass=\"so-widget-sow-image so-widget-sow-image-default-dbf295114b96-3891\"\n\t\t\t\n\t\t>\n<div class=\"sow-image-container\">\n\t\t<img \n\tsrc=\"https:\/\/berlin-reklame.de\/wp-content\/uploads\/2020\/12\/Umweltverpackung-Aufkleber-BR-2.jpg\" width=\"710\" height=\"710\" srcset=\"https:\/\/berlin-reklame.de\/wp-content\/uploads\/2020\/12\/Umweltverpackung-Aufkleber-BR-2.jpg 710w, https:\/\/berlin-reklame.de\/wp-content\/uploads\/2020\/12\/Umweltverpackung-Aufkleber-BR-2-300x300.jpg 300w, https:\/\/berlin-reklame.de\/wp-content\/uploads\/2020\/12\/Umweltverpackung-Aufkleber-BR-2-150x150.jpg 150w, https:\/\/berlin-reklame.de\/wp-content\/uploads\/2020\/12\/Umweltverpackung-Aufkleber-BR-2-12x12.jpg 12w, https:\/\/berlin-reklame.de\/wp-content\/uploads\/2020\/12\/Umweltverpackung-Aufkleber-BR-2-600x600.jpg 600w, https:\/\/berlin-reklame.de\/wp-content\/uploads\/2020\/12\/Umweltverpackung-Aufkleber-BR-2-100x100.jpg 100w\" sizes=\"(max-width: 710px) 100vw, 710px\" alt=\"green event service\" \t\tclass=\"so-widget-image\"\/>\n\t<\/div>\n\n<\/div><\/div><\/div><\/div><\/div><\/div>","protected":false},"excerpt":{"rendered":"<p>GREEN EVENTS Nachhaltige Werbung mit gutem Gewissen\u00a0<\/p>","protected":false},"author":1,"featured_media":4717,"parent":0,"menu_order":0,"comment_status":"closed","ping_status":"closed","template":"","meta":{"footnotes":""},"class_list":["post-3891","page","type-page","status-publish","has-post-thumbnail","hentry"],"yoast_head":"<!-- This site is optimized with the Yoast SEO Premium plugin v27.4 (Yoast SEO v27.5) - https:\/\/yoast.com\/product\/yoast-seo-premium-wordpress\/ -->\n<title>Green Events Berlin germany Veranstaltungen werbung<\/title>\n<meta name=\"description\" content=\"Veranstaltungen mit guten Gewissen. Umweltschutz liegt uns am Herzen Ihr Nr.1 Partner aus Berlin f\u00fcr nachhaltige Werbetechnik\" \/>\n<meta name=\"robots\" content=\"index, follow, max-snippet:-1, max-image-preview:large, max-video-preview:-1\" \/>\n<link rel=\"canonical\" href=\"https:\/\/berlin-reklame.de\/es\/green-events\/\" \/>\n<meta property=\"og:locale\" content=\"es_ES\" \/>\n<meta property=\"og:type\" content=\"article\" \/>\n<meta property=\"og:title\" content=\"Green Events\" \/>\n<meta property=\"og:description\" content=\"Veranstaltungen mit guten Gewissen. Umweltschutz liegt uns am Herzen Ihr Nr.1 Partner aus Berlin f\u00fcr nachhaltige Werbetechnik\" \/>\n<meta property=\"og:url\" content=\"https:\/\/berlin-reklame.de\/es\/green-events\/\" \/>\n<meta property=\"og:site_name\" content=\"berlin reklame\" \/>\n<meta property=\"article:publisher\" content=\"https:\/\/www.facebook.com\/berlinreklame\/\" \/>\n<meta property=\"article:modified_time\" content=\"2024-03-22T13:29:23+00:00\" \/>\n<meta property=\"og:image\" content=\"https:\/\/berlin-reklame.de\/wp-content\/uploads\/2020\/12\/Umweltverpackung-Aufkleber-BR-3.jpg\" \/>\n\t<meta property=\"og:image:width\" content=\"473\" \/>\n\t<meta property=\"og:image:height\" content=\"473\" \/>\n\t<meta property=\"og:image:type\" content=\"image\/jpeg\" \/>\n<meta name=\"twitter:card\" content=\"summary_large_image\" \/>\n<meta name=\"twitter:label1\" content=\"Tiempo de lectura\" \/>\n\t<meta name=\"twitter:data1\" content=\"6 minutos\" \/>\n<script type=\"application\/ld+json\" class=\"yoast-schema-graph\">{\"@context\":\"https:\\\/\\\/schema.org\",\"@graph\":[{\"@type\":\"WebPage\",\"@id\":\"https:\\\/\\\/berlin-reklame.de\\\/green-events\\\/\",\"url\":\"https:\\\/\\\/berlin-reklame.de\\\/green-events\\\/\",\"name\":\"Green Events Berlin germany Veranstaltungen werbung\",\"isPartOf\":{\"@id\":\"https:\\\/\\\/berlin-reklame.de\\\/#website\"},\"primaryImageOfPage\":{\"@id\":\"https:\\\/\\\/berlin-reklame.de\\\/green-events\\\/#primaryimage\"},\"image\":{\"@id\":\"https:\\\/\\\/berlin-reklame.de\\\/green-events\\\/#primaryimage\"},\"thumbnailUrl\":\"https:\\\/\\\/berlin-reklame.de\\\/wp-content\\\/uploads\\\/2020\\\/12\\\/Umweltverpackung-Aufkleber-BR-3.jpg\",\"datePublished\":\"2020-05-29T09:41:38+00:00\",\"dateModified\":\"2024-03-22T13:29:23+00:00\",\"description\":\"Veranstaltungen mit guten Gewissen. Umweltschutz liegt uns am Herzen Ihr Nr.1 Partner aus Berlin f\u00fcr nachhaltige Werbetechnik\",\"breadcrumb\":{\"@id\":\"https:\\\/\\\/berlin-reklame.de\\\/green-events\\\/#breadcrumb\"},\"inLanguage\":\"es\",\"potentialAction\":[{\"@type\":\"ReadAction\",\"target\":[\"https:\\\/\\\/berlin-reklame.de\\\/green-events\\\/\"]}]},{\"@type\":\"ImageObject\",\"inLanguage\":\"es\",\"@id\":\"https:\\\/\\\/berlin-reklame.de\\\/green-events\\\/#primaryimage\",\"url\":\"https:\\\/\\\/berlin-reklame.de\\\/wp-content\\\/uploads\\\/2020\\\/12\\\/Umweltverpackung-Aufkleber-BR-3.jpg\",\"contentUrl\":\"https:\\\/\\\/berlin-reklame.de\\\/wp-content\\\/uploads\\\/2020\\\/12\\\/Umweltverpackung-Aufkleber-BR-3.jpg\",\"width\":473,\"height\":473,\"caption\":\"green event service\"},{\"@type\":\"BreadcrumbList\",\"@id\":\"https:\\\/\\\/berlin-reklame.de\\\/green-events\\\/#breadcrumb\",\"itemListElement\":[{\"@type\":\"ListItem\",\"position\":1,\"name\":\"Home\",\"item\":\"https:\\\/\\\/berlin-reklame.de\\\/\"},{\"@type\":\"ListItem\",\"position\":2,\"name\":\"Green Events\"}]},{\"@type\":\"WebSite\",\"@id\":\"https:\\\/\\\/berlin-reklame.de\\\/#website\",\"url\":\"https:\\\/\\\/berlin-reklame.de\\\/\",\"name\":\"berlin reklame\",\"description\":\"Kreative Werbetechnik\",\"publisher\":{\"@id\":\"https:\\\/\\\/berlin-reklame.de\\\/#organization\"},\"potentialAction\":[{\"@type\":\"SearchAction\",\"target\":{\"@type\":\"EntryPoint\",\"urlTemplate\":\"https:\\\/\\\/berlin-reklame.de\\\/?s={search_term_string}\"},\"query-input\":{\"@type\":\"PropertyValueSpecification\",\"valueRequired\":true,\"valueName\":\"search_term_string\"}}],\"inLanguage\":\"es\"},{\"@type\":\"Organization\",\"@id\":\"https:\\\/\\\/berlin-reklame.de\\\/#organization\",\"name\":\"berlin reklame\",\"url\":\"https:\\\/\\\/berlin-reklame.de\\\/\",\"logo\":{\"@type\":\"ImageObject\",\"inLanguage\":\"es\",\"@id\":\"https:\\\/\\\/berlin-reklame.de\\\/#\\\/schema\\\/logo\\\/image\\\/\",\"url\":\"https:\\\/\\\/berlin-reklame.de\\\/wp-content\\\/uploads\\\/2017\\\/10\\\/favicon2.png\",\"contentUrl\":\"https:\\\/\\\/berlin-reklame.de\\\/wp-content\\\/uploads\\\/2017\\\/10\\\/favicon2.png\",\"width\":310,\"height\":310,\"caption\":\"berlin reklame\"},\"image\":{\"@id\":\"https:\\\/\\\/berlin-reklame.de\\\/#\\\/schema\\\/logo\\\/image\\\/\"},\"sameAs\":[\"https:\\\/\\\/www.facebook.com\\\/berlinreklame\\\/\",\"https:\\\/\\\/www.instagram.com\\\/berlin_reklame\\\/\",\"https:\\\/\\\/www.linkedin.com\\\/company\\\/berlin-reklame2018\\\/\",\"https:\\\/\\\/www.youtube.com\\\/channel\\\/UCPty5C4toAhaLwAjyw5GTLw\"]}]}<\/script>\n<!-- \/ Yoast SEO Premium plugin. -->","yoast_head_json":{"title":"Green Events Berlin germany Veranstaltungen werbung","description":"Veranstaltungen mit guten Gewissen. Umweltschutz liegt uns am Herzen Ihr Nr.1 Partner aus Berlin f\u00fcr nachhaltige Werbetechnik","robots":{"index":"index","follow":"follow","max-snippet":"max-snippet:-1","max-image-preview":"max-image-preview:large","max-video-preview":"max-video-preview:-1"},"canonical":"https:\/\/berlin-reklame.de\/es\/green-events\/","og_locale":"es_ES","og_type":"article","og_title":"Green Events","og_description":"Veranstaltungen mit guten Gewissen. Umweltschutz liegt uns am Herzen Ihr Nr.1 Partner aus Berlin f\u00fcr nachhaltige Werbetechnik","og_url":"https:\/\/berlin-reklame.de\/es\/green-events\/","og_site_name":"berlin reklame","article_publisher":"https:\/\/www.facebook.com\/berlinreklame\/","article_modified_time":"2024-03-22T13:29:23+00:00","og_image":[{"width":473,"height":473,"url":"https:\/\/berlin-reklame.de\/wp-content\/uploads\/2020\/12\/Umweltverpackung-Aufkleber-BR-3.jpg","type":"image\/jpeg"}],"twitter_card":"summary_large_image","twitter_misc":{"Tiempo de lectura":"6 minutos"},"schema":{"@context":"https:\/\/schema.org","@graph":[{"@type":"WebPage","@id":"https:\/\/berlin-reklame.de\/green-events\/","url":"https:\/\/berlin-reklame.de\/green-events\/","name":"Green Events Berlin germany Veranstaltungen werbung","isPartOf":{"@id":"https:\/\/berlin-reklame.de\/#website"},"primaryImageOfPage":{"@id":"https:\/\/berlin-reklame.de\/green-events\/#primaryimage"},"image":{"@id":"https:\/\/berlin-reklame.de\/green-events\/#primaryimage"},"thumbnailUrl":"https:\/\/berlin-reklame.de\/wp-content\/uploads\/2020\/12\/Umweltverpackung-Aufkleber-BR-3.jpg","datePublished":"2020-05-29T09:41:38+00:00","dateModified":"2024-03-22T13:29:23+00:00","description":"Veranstaltungen mit guten Gewissen. Umweltschutz liegt uns am Herzen Ihr Nr.1 Partner aus Berlin f\u00fcr nachhaltige Werbetechnik","breadcrumb":{"@id":"https:\/\/berlin-reklame.de\/green-events\/#breadcrumb"},"inLanguage":"es","potentialAction":[{"@type":"ReadAction","target":["https:\/\/berlin-reklame.de\/green-events\/"]}]},{"@type":"ImageObject","inLanguage":"es","@id":"https:\/\/berlin-reklame.de\/green-events\/#primaryimage","url":"https:\/\/berlin-reklame.de\/wp-content\/uploads\/2020\/12\/Umweltverpackung-Aufkleber-BR-3.jpg","contentUrl":"https:\/\/berlin-reklame.de\/wp-content\/uploads\/2020\/12\/Umweltverpackung-Aufkleber-BR-3.jpg","width":473,"height":473,"caption":"green event service"},{"@type":"BreadcrumbList","@id":"https:\/\/berlin-reklame.de\/green-events\/#breadcrumb","itemListElement":[{"@type":"ListItem","position":1,"name":"Home","item":"https:\/\/berlin-reklame.de\/"},{"@type":"ListItem","position":2,"name":"Green Events"}]},{"@type":"WebSite","@id":"https:\/\/berlin-reklame.de\/#website","url":"https:\/\/berlin-reklame.de\/","name":"berlin reklame","description":"Rotulaci\u00f3n con creatividad","publisher":{"@id":"https:\/\/berlin-reklame.de\/#organization"},"potentialAction":[{"@type":"SearchAction","target":{"@type":"EntryPoint","urlTemplate":"https:\/\/berlin-reklame.de\/?s={search_term_string}"},"query-input":{"@type":"PropertyValueSpecification","valueRequired":true,"valueName":"search_term_string"}}],"inLanguage":"es"},{"@type":"Organization","@id":"https:\/\/berlin-reklame.de\/#organization","name":"berlin reklame","url":"https:\/\/berlin-reklame.de\/","logo":{"@type":"ImageObject","inLanguage":"es","@id":"https:\/\/berlin-reklame.de\/#\/schema\/logo\/image\/","url":"https:\/\/berlin-reklame.de\/wp-content\/uploads\/2017\/10\/favicon2.png","contentUrl":"https:\/\/berlin-reklame.de\/wp-content\/uploads\/2017\/10\/favicon2.png","width":310,"height":310,"caption":"berlin reklame"},"image":{"@id":"https:\/\/berlin-reklame.de\/#\/schema\/logo\/image\/"},"sameAs":["https:\/\/www.facebook.com\/berlinreklame\/","https:\/\/www.instagram.com\/berlin_reklame\/","https:\/\/www.linkedin.com\/company\/berlin-reklame2018\/","https:\/\/www.youtube.com\/channel\/UCPty5C4toAhaLwAjyw5GTLw"]}]}},"_links":{"self":[{"href":"https:\/\/berlin-reklame.de\/es\/wp-json\/wp\/v2\/pages\/3891","targetHints":{"allow":["GET"]}}],"collection":[{"href":"https:\/\/berlin-reklame.de\/es\/wp-json\/wp\/v2\/pages"}],"about":[{"href":"https:\/\/berlin-reklame.de\/es\/wp-json\/wp\/v2\/types\/page"}],"author":[{"embeddable":true,"href":"https:\/\/berlin-reklame.de\/es\/wp-json\/wp\/v2\/users\/1"}],"replies":[{"embeddable":true,"href":"https:\/\/berlin-reklame.de\/es\/wp-json\/wp\/v2\/comments?post=3891"}],"version-history":[{"count":6,"href":"https:\/\/berlin-reklame.de\/es\/wp-json\/wp\/v2\/pages\/3891\/revisions"}],"predecessor-version":[{"id":5608,"href":"https:\/\/berlin-reklame.de\/es\/wp-json\/wp\/v2\/pages\/3891\/revisions\/5608"}],"wp:featuredmedia":[{"embeddable":true,"href":"https:\/\/berlin-reklame.de\/es\/wp-json\/wp\/v2\/media\/4717"}],"wp:attachment":[{"href":"https:\/\/berlin-reklame.de\/es\/wp-json\/wp\/v2\/media?parent=3891"}],"curies":[{"name":"wp","href":"https:\/\/api.w.org\/{rel}","templated":true}]}}