{"id":5548,"date":"2024-01-11T11:53:54","date_gmt":"2024-01-11T11:53:54","guid":{"rendered":"https:\/\/berlin-reklame.de\/?page_id=5548"},"modified":"2025-01-13T13:24:27","modified_gmt":"2025-01-13T13:24:27","slug":"team","status":"publish","type":"page","link":"https:\/\/berlin-reklame.de\/es\/werbetechnik-berlin\/team\/","title":{"rendered":"Nosotros"},"content":{"rendered":"<div id=\"pl-5548\"  class=\"panel-layout\" ><div id=\"pg-5548-0\"  class=\"panel-grid panel-has-style\" ><div class=\"lsow-row siteorigin-panels-stretch panel-row-style panel-row-style-for-5548-0\" data-stretch-type=\"full-width-stretch\" ><div id=\"pgc-5548-0-0\"  class=\"panel-grid-cell\" ><div id=\"panel-5548-0-0-0\" class=\"so-panel widget widget_sow-layout-slider panel-first-child panel-last-child\" data-index=\"0\" ><div class=\"panel-widget-style panel-widget-style-for-5548-0-0-0\" ><div\n\t\t\t\n\t\t\tclass=\"so-widget-sow-layout-slider so-widget-sow-layout-slider-default-ab486792c6d2-5548\"\n\t\t\t\n\t\t>\t\t\t\t<div class=\"sow-slider-base\" style=\"display: none\" tabindex=\"0\">\n\t\t\t\t\t<ul\n\t\t\t\t\tclass=\"sow-slider-images\"\n\t\t\t\t\tdata-settings=\"{&quot;pagination&quot;:true,&quot;speed&quot;:800,&quot;timeout&quot;:3000,&quot;paused&quot;:false,&quot;pause_on_hover&quot;:false,&quot;swipe&quot;:true,&quot;nav_always_show_desktop&quot;:&quot;&quot;,&quot;nav_always_show_mobile&quot;:true,&quot;breakpoint&quot;:&quot;780px&quot;,&quot;unmute&quot;:false,&quot;anchor&quot;:null}\"\n\t\t\t\t\tstyle=\"min-height: 800px\"\t\t\t\t\tdata-anchor-id=\"\"\n\t\t\t\t>\t\t<li class=\"sow-slider-image  sow-slider-image-cover\" style=\"visibility: visible;;background-color: #333333;background-image: url(https:\/\/berlin-reklame.de\/wp-content\/uploads\/2025\/01\/Photos-XL_2025_1.jpg)\" >\n\t\t\t\t\t<div class=\"sow-slider-image-container\">\n\t\t\t<div class=\"sow-slider-image-wrapper\">\n\t\t\t\t\t\t\t<\/div>\n\t\t<\/div>\n\t\t\t\t<\/li>\n\t\t\t\t<li class=\"sow-slider-image  sow-slider-image-cover\" style=\"visibility: hidden;;background-color: #333333\" data-background=\"url(https:\/\/berlin-reklame.de\/wp-content\/uploads\/2025\/01\/Photos-XL_2025_7.jpg)\" >\n\t\t\t\t\t<div class=\"sow-slider-image-container\">\n\t\t\t<div class=\"sow-slider-image-wrapper\">\n\t\t\t\t\t\t\t<\/div>\n\t\t<\/div>\n\t\t\t\t<\/li>\n\t\t\t\t<li class=\"sow-slider-image  sow-slider-image-cover\" style=\"visibility: hidden;;background-color: #333333\" data-background=\"url(https:\/\/berlin-reklame.de\/wp-content\/uploads\/2025\/01\/Photos-XL_2025_2.jpg)\" >\n\t\t\t\t\t<div class=\"sow-slider-image-container\">\n\t\t\t<div class=\"sow-slider-image-wrapper\">\n\t\t\t\t\t\t\t<\/div>\n\t\t<\/div>\n\t\t\t\t<\/li>\n\t\t<\/ul>\t\t\t\t<ol class=\"sow-slider-pagination\">\n\t\t\t\t\t\t\t\t\t\t\t<li><a href=\"#\" data-goto=\"0\" aria-label=\"mostrar diapositiva 1\"><\/a><\/li>\n\t\t\t\t\t\t\t\t\t\t\t<li><a href=\"#\" data-goto=\"1\" aria-label=\"mostrar diapositiva 2\"><\/a><\/li>\n\t\t\t\t\t\t\t\t\t\t\t<li><a href=\"#\" data-goto=\"2\" aria-label=\"mostrar diapositiva 3\"><\/a><\/li>\n\t\t\t\t\t\t\t\t\t<\/ol>\n\n\t\t\t\t<div class=\"sow-slide-nav sow-slide-nav-next\">\n\t\t\t\t\t<a href=\"#\" data-goto=\"next\" aria-label=\"diapositiva siguiente\" data-action=\"next\">\n\t\t\t\t\t\t<em class=\"sow-sld-icon-medium-rounded-right\"><\/em>\n\t\t\t\t\t<\/a>\n\t\t\t\t<\/div>\n\n\t\t\t\t<div class=\"sow-slide-nav sow-slide-nav-prev\">\n\t\t\t\t\t<a href=\"#\" data-goto=\"previous\" aria-label=\"diapositiva anterior\" data-action=\"prev\">\n\t\t\t\t\t\t<em class=\"sow-sld-icon-medium-rounded-left\"><\/em>\n\t\t\t\t\t<\/a>\n\t\t\t\t<\/div>\n\t\t\t\t<\/div><\/div><\/div><\/div><\/div><\/div><\/div><div id=\"pg-5548-1\"  class=\"panel-grid panel-has-style\" ><div class=\"siteorigin-panels-stretch panel-row-style panel-row-style-for-5548-1\" data-stretch-type=\"full\" ><div id=\"pgc-5548-1-0\"  class=\"panel-grid-cell\" ><div id=\"panel-5548-1-0-0\" class=\"so-panel widget widget_sow-headline panel-first-child\" data-index=\"1\" ><div class=\"panel-widget-style panel-widget-style-for-5548-1-0-0\" ><div\n\t\t\t\n\t\t\tclass=\"so-widget-sow-headline so-widget-sow-headline-default-c234f8978c7d-5548\"\n\t\t\t\n\t\t><div class=\"sow-headline-container\">\n\t\t\t\t\t\t\t<h1 class=\"sow-headline\">\n\t\t\t\t\t\tNosotros\t\t\t\t\t\t<\/h1>\n\t\t\t\t\t\t\t\t\t\t\t<div class=\"decoration\">\n\t\t\t\t\t\t<div class=\"decoration-inside\"><\/div>\n\t\t\t\t\t<\/div>\n\t\t\t\t\t\t\t\t\t\t\t<h3 class=\"sow-sub-headline\">\n\t\t\t\t\t\tUnser Team bei Berlin Reklame: kreativ, leidenschaftlich, unkonventionell\t\t\t\t\t\t<\/h3>\n\t\t\t\t\t\t<\/div>\n<\/div><\/div><\/div><div id=\"panel-5548-1-0-1\" class=\"so-panel widget widget_sow-editor panel-last-child\" data-index=\"2\" ><div class=\"panel-widget-style panel-widget-style-for-5548-1-0-1\" ><div\n\t\t\t\n\t\t\tclass=\"so-widget-sow-editor so-widget-sow-editor-base\"\n\t\t\t\n\t\t>\n<div class=\"siteorigin-widget-tinymce textwidget\">\n\t<p class=\"entry-header\" style=\"text-align: center;\">Bei <strong>Berlin Reklame<\/strong> sind wir kein gew\u00f6hnliches Team \u2013 wir sind eine bunte Mischung aus kreativen K\u00f6pfen, die f\u00fcr ihre Leidenschaft <strong>die Werbetechnik<\/strong> stehen.<\/p>\n<p style=\"text-align: center;\"><strong>Berlin Reklame<\/strong> ist mehr als nur eine Werbetechnikfirma \u2013 wir sind ein <strong>Meisterbetrieb<\/strong> mit erfahrenen Handwerkern und Mitarbeitenden, die sich interdispziplin\u00e4r daf\u00fcr einsetzen,<br \/>\ndass jeder Kunde f\u00fcr den wir arbeiten, <strong>mehr als nur zufrieden<\/strong> ist.<\/p>\n<p style=\"text-align: center;\"><strong>Willkommen in unserem Team, wo Kreativit\u00e4t auf Leidenschaft trifft und jedes Projekt einzigartig wird.<\/strong><\/p>\n<p style=\"text-align: center;\">Mit \u00fcber <strong>30 Jahren Erfahrung<\/strong> in der Produktion von Schildern und Beschriftungen<br \/>\nbietet <strong>Berlin Reklame<\/strong> das gesamte Spektrum der Werbetechnik <strong>aus einer Hand<\/strong>.<br \/>\nUnsere Fachkr\u00e4fte aus <strong>Beratung, Druckproduktion, Gestaltung, Grafik und Montage<\/strong> setzen Ihre W\u00fcnsche und Ziele in wirksame, nachhaltige Ma\u00dfnahmen um.<\/p>\n<p style=\"text-align: center;\">In unseren Produktions- und Ausstellungsr\u00e4umen in der <strong>Berliner Allee 200 in Berlin Weissensee<\/strong><br \/>\nzeigen wir Ihnen gerne pers\u00f6nlich, wie Sie von innovativer Werbetechnik in Ihrer Kommunikation profitieren k\u00f6nnen.<\/p>\n<p style=\"text-align: center;\"><strong>Impresionantemente de buen gusto.<\/strong><\/p>\n<p style=\"text-align: center;\">Y por cierto: no solo imprimimos correctamente cuando se trata de tecnolog\u00eda publicitaria:<br \/>\nCon alrededor de 12 bares, tambi\u00e9n hacemos un espresso muy respetable y rico, al que nos gustar\u00eda invitarle a nuestra sala de exposici\u00f3n.<\/p>\n<p><a href=\"https:\/\/g.page\/berlinreklame?share\" target=\"_blank\" rel=\"noopener noreferrer\">Donde estamos..<\/a><\/p>\n<\/div>\n<\/div><\/div><\/div><\/div><\/div><\/div><div id=\"pg-5548-2\"  class=\"panel-grid panel-has-style\" ><div class=\"siteorigin-panels-stretch panel-row-style panel-row-style-for-5548-2\" data-stretch-type=\"full\" ><div id=\"pgc-5548-2-0\"  class=\"panel-grid-cell\" ><div id=\"panel-5548-2-0-0\" class=\"so-panel widget widget_sow-headline panel-first-child\" data-index=\"3\" ><div class=\"panel-widget-style panel-widget-style-for-5548-2-0-0\" ><div\n\t\t\t\n\t\t\tclass=\"so-widget-sow-headline so-widget-sow-headline-default-c234f8978c7d-5548\"\n\t\t\t\n\t\t><div class=\"sow-headline-container\">\n\t\t\t\t\t\t\t<h1 class=\"sow-headline\">\n\t\t\t\t\t\tMEET THE TEAM\t\t\t\t\t\t<\/h1>\n\t\t\t\t\t\t\t\t\t\t\t<div class=\"decoration\">\n\t\t\t\t\t\t<div class=\"decoration-inside\"><\/div>\n\t\t\t\t\t<\/div>\n\t\t\t\t\t\t\t\t\t\t\t<h3 class=\"sow-sub-headline\">\n\t\t\t\t\t\tUnser Team bei Berlin Reklame: kreativ, leidenschaftlich, unkonventionell\t\t\t\t\t\t<\/h3>\n\t\t\t\t\t\t<\/div>\n<\/div><\/div><\/div><div id=\"panel-5548-2-0-1\" class=\"so-panel widget widget_sow-editor panel-last-child\" data-index=\"4\" ><div class=\"panel-widget-style panel-widget-style-for-5548-2-0-1\" ><div\n\t\t\t\n\t\t\tclass=\"so-widget-sow-editor so-widget-sow-editor-base\"\n\t\t\t\n\t\t>\n<div class=\"siteorigin-widget-tinymce textwidget\">\n\t<p class=\"entry-header\" style=\"text-align: center;\">Your vision, our vinyl.<br \/>\nWe're the custom signage experts who make your brand stand out.<\/p>\n<\/div>\n<\/div><\/div><\/div><\/div><\/div><\/div><div id=\"pg-5548-3\"  class=\"panel-grid panel-has-style\" ><div class=\"siteorigin-panels-stretch panel-row-style panel-row-style-for-5548-3\" data-stretch-type=\"full\" ><div id=\"pgc-5548-3-0\"  class=\"panel-grid-cell\" ><div class=\"panel-cell-style panel-cell-style-for-5548-3-0\" ><div id=\"panel-5548-3-0-0\" class=\"so-panel widget widget_sow-image panel-first-child\" data-index=\"5\" ><div\n\t\t\t\n\t\t\tclass=\"so-widget-sow-image so-widget-sow-image-default-113ccd71f3e6-5548\"\n\t\t\t\n\t\t>\n<div class=\"sow-image-container\">\n\t\t<img \n\tsrc=\"https:\/\/berlin-reklame.de\/wp-content\/uploads\/2025\/01\/meet-the-team_H.png\" width=\"300\" height=\"300\" srcset=\"https:\/\/berlin-reklame.de\/wp-content\/uploads\/2025\/01\/meet-the-team_H.png 300w, https:\/\/berlin-reklame.de\/wp-content\/uploads\/2025\/01\/meet-the-team_H-150x150.png 150w, https:\/\/berlin-reklame.de\/wp-content\/uploads\/2025\/01\/meet-the-team_H-12x12.png 12w, https:\/\/berlin-reklame.de\/wp-content\/uploads\/2025\/01\/meet-the-team_H-100x100.png 100w\" sizes=\"(max-width: 300px) 100vw, 300px\" title=\"Hernan\" alt=\"Hernan Vinaccio\" \t\tclass=\"so-widget-image\"\/>\n\t<\/div>\n\n<\/div><\/div><div id=\"panel-5548-3-0-1\" class=\"so-panel widget widget_sow-editor\" data-index=\"6\" ><div class=\"panel-widget-style panel-widget-style-for-5548-3-0-1\" ><div\n\t\t\t\n\t\t\tclass=\"so-widget-sow-editor so-widget-sow-editor-base\"\n\t\t\t\n\t\t>\n<div class=\"siteorigin-widget-tinymce textwidget\">\n\t<p style=\"text-align: center;\"><strong>Hern\u00e0n Vinaccio Segarra<br \/>\n<\/strong><span style=\"font-size: 1.5rem;\">CEO\/Founder<\/span><\/p>\n<\/div>\n<\/div><\/div><\/div><div id=\"panel-5548-3-0-2\" class=\"so-panel widget widget_sow-editor panel-last-child\" data-index=\"7\" ><div class=\"panel-widget-style panel-widget-style-for-5548-3-0-2\" ><div\n\t\t\t\n\t\t\tclass=\"so-widget-sow-editor so-widget-sow-editor-base\"\n\t\t\t\n\t\t>\n<div class=\"siteorigin-widget-tinymce textwidget\">\n\t<p>Argentino con pasaporte espa\u00f1ol y apellido italiano recibido de T\u00e9cnico electr\u00f3nico. Tras estudiar dise\u00f1o gr\u00e1fico en Buenos Aires, emigra a Valencia, Espa\u00f1a y desarrolla la profesi\u00f3n de Rotulaci\u00f3n. Desde 2013 vive con su familia en Berl\u00edn y desde 2015 es CEO de Belrin Reklame.<\/p>\n<p><a href=\"https:\/\/www.linkedin.com\/in\/hernan-vinaccio-segarra\/\" target=\"_blank\" rel=\"noopener\"><img decoding=\"async\" class=\"alignnone wp-image-2681\" src=\"https:\/\/berlin-reklame.de\/wp-content\/uploads\/2020\/01\/In-2C-108px-R.png\" alt=\"\" width=\"26\" height=\"24\" \/><\/a><\/p>\n<\/div>\n<\/div><\/div><\/div><\/div><\/div><div id=\"pgc-5548-3-1\"  class=\"panel-grid-cell\" ><div class=\"panel-cell-style panel-cell-style-for-5548-3-1\" ><div id=\"panel-5548-3-1-0\" class=\"so-panel widget widget_sow-image panel-first-child\" data-index=\"8\" ><div\n\t\t\t\n\t\t\tclass=\"so-widget-sow-image so-widget-sow-image-default-113ccd71f3e6-5548\"\n\t\t\t\n\t\t>\n<div class=\"sow-image-container\">\n\t\t<img \n\tsrc=\"https:\/\/berlin-reklame.de\/wp-content\/uploads\/2025\/01\/meet-the-team_Jens-1.png\" width=\"300\" height=\"300\" srcset=\"https:\/\/berlin-reklame.de\/wp-content\/uploads\/2025\/01\/meet-the-team_Jens-1.png 300w, https:\/\/berlin-reklame.de\/wp-content\/uploads\/2025\/01\/meet-the-team_Jens-1-150x150.png 150w, https:\/\/berlin-reklame.de\/wp-content\/uploads\/2025\/01\/meet-the-team_Jens-1-12x12.png 12w, https:\/\/berlin-reklame.de\/wp-content\/uploads\/2025\/01\/meet-the-team_Jens-1-100x100.png 100w\" sizes=\"(max-width: 300px) 100vw, 300px\" title=\"Jens\" alt=\"ist hier\" \t\tclass=\"so-widget-image\"\/>\n\t<\/div>\n\n<\/div><\/div><div id=\"panel-5548-3-1-1\" class=\"so-panel widget widget_sow-editor\" data-index=\"9\" ><div class=\"panel-widget-style panel-widget-style-for-5548-3-1-1\" ><div\n\t\t\t\n\t\t\tclass=\"so-widget-sow-editor so-widget-sow-editor-base\"\n\t\t\t\n\t\t>\n<div class=\"siteorigin-widget-tinymce textwidget\">\n\t<p style=\"text-align: center;\"><strong>Jens Roebbel-Pape<br \/>\n<\/strong>CEO\/Founder<\/p>\n<\/div>\n<\/div><\/div><\/div><div id=\"panel-5548-3-1-2\" class=\"so-panel widget widget_sow-editor panel-last-child\" data-index=\"10\" ><div class=\"panel-widget-style panel-widget-style-for-5548-3-1-2\" ><div\n\t\t\t\n\t\t\tclass=\"so-widget-sow-editor so-widget-sow-editor-base\"\n\t\t\t\n\t\t>\n<div class=\"siteorigin-widget-tinymce textwidget\">\n\t<p>Arbeitet seit seinem 17. Lebensjahr als Werbetechniker. 1994 genie\u00dft er die Ausbildung bei einem gro\u00dfen Werbetechniker in S\u00fcddeutschland und zieht 1996 nach Berlin. Hier leitet er 7 Jahre die Niederlassung einer K\u00f6lner Werbeagentur. Nebenbei studiert er Marketing und Kommunikation. 2007 macht er sich selbst\u00e4ndig und ist seit 2015 Gesch\u00e4ftsf\u00fchrer von Berlin Reklame.<\/p>\n<p><a href=\"https:\/\/www.linkedin.com\/in\/jens-pape-01151227b\/\" target=\"_blank\" rel=\"noopener\"><img decoding=\"async\" class=\"alignnone wp-image-2681\" src=\"https:\/\/berlin-reklame.de\/wp-content\/uploads\/2020\/01\/In-2C-108px-R.png\" alt=\"\" width=\"26\" height=\"24\" \/><\/a><\/p>\n<\/div>\n<\/div><\/div><\/div><\/div><\/div><\/div><\/div><div id=\"pg-5548-4\"  class=\"panel-grid panel-no-style\" ><div id=\"pgc-5548-4-0\"  class=\"panel-grid-cell\" ><div id=\"panel-5548-4-0-0\" class=\"so-panel widget widget_sow-image panel-first-child\" data-index=\"11\" ><div\n\t\t\t\n\t\t\tclass=\"so-widget-sow-image so-widget-sow-image-default-113ccd71f3e6-5548\"\n\t\t\t\n\t\t>\n<div class=\"sow-image-container\">\n\t\t<img \n\tsrc=\"https:\/\/berlin-reklame.de\/wp-content\/uploads\/2025\/01\/meet-the-team_Mario.png\" width=\"300\" height=\"300\" srcset=\"https:\/\/berlin-reklame.de\/wp-content\/uploads\/2025\/01\/meet-the-team_Mario.png 300w, https:\/\/berlin-reklame.de\/wp-content\/uploads\/2025\/01\/meet-the-team_Mario-150x150.png 150w, https:\/\/berlin-reklame.de\/wp-content\/uploads\/2025\/01\/meet-the-team_Mario-12x12.png 12w, https:\/\/berlin-reklame.de\/wp-content\/uploads\/2025\/01\/meet-the-team_Mario-100x100.png 100w\" sizes=\"(max-width: 300px) 100vw, 300px\" title=\"Mario\" alt=\"MArio\" \t\tclass=\"so-widget-image\"\/>\n\t<\/div>\n\n<\/div><\/div><div id=\"panel-5548-4-0-1\" class=\"so-panel widget widget_sow-editor panel-last-child\" data-index=\"12\" ><div class=\"panel-widget-style panel-widget-style-for-5548-4-0-1\" ><div\n\t\t\t\n\t\t\tclass=\"so-widget-sow-editor so-widget-sow-editor-base\"\n\t\t\t\n\t\t>\n<div class=\"siteorigin-widget-tinymce textwidget\">\n\t<p style=\"text-align: center;\"><strong>Mario Arzt<br \/>\n<\/strong>Meister | Werbetechnik<\/p>\n<\/div>\n<\/div><\/div><\/div><\/div><div id=\"pgc-5548-4-1\"  class=\"panel-grid-cell\" ><div id=\"panel-5548-4-1-0\" class=\"so-panel widget widget_sow-image panel-first-child\" data-index=\"13\" ><div\n\t\t\t\n\t\t\tclass=\"so-widget-sow-image so-widget-sow-image-default-113ccd71f3e6-5548\"\n\t\t\t\n\t\t>\n<div class=\"sow-image-container\">\n\t\t<img \n\tsrc=\"https:\/\/berlin-reklame.de\/wp-content\/uploads\/2025\/01\/meet-the-team_Fabian.png\" width=\"300\" height=\"300\" srcset=\"https:\/\/berlin-reklame.de\/wp-content\/uploads\/2025\/01\/meet-the-team_Fabian.png 300w, https:\/\/berlin-reklame.de\/wp-content\/uploads\/2025\/01\/meet-the-team_Fabian-150x150.png 150w, https:\/\/berlin-reklame.de\/wp-content\/uploads\/2025\/01\/meet-the-team_Fabian-12x12.png 12w, https:\/\/berlin-reklame.de\/wp-content\/uploads\/2025\/01\/meet-the-team_Fabian-100x100.png 100w\" sizes=\"(max-width: 300px) 100vw, 300px\" title=\"Fabian\" alt=\"FAB\" \t\tclass=\"so-widget-image\"\/>\n\t<\/div>\n\n<\/div><\/div><div id=\"panel-5548-4-1-1\" class=\"so-panel widget widget_sow-editor panel-last-child\" data-index=\"14\" ><div class=\"panel-widget-style panel-widget-style-for-5548-4-1-1\" ><div\n\t\t\t\n\t\t\tclass=\"so-widget-sow-editor so-widget-sow-editor-base\"\n\t\t\t\n\t\t>\n<div class=\"siteorigin-widget-tinymce textwidget\">\n\t<p style=\"text-align: center;\"><strong>Fabian Bez<br \/>\n<\/strong>Produktion \/ Kundenberarung<\/p>\n<\/div>\n<\/div><\/div><\/div><\/div><\/div><div id=\"pg-5548-5\"  class=\"panel-grid panel-has-style\" ><div class=\"siteorigin-panels-stretch panel-row-style panel-row-style-for-5548-5\" data-stretch-type=\"full\" ><div id=\"pgc-5548-5-0\"  class=\"panel-grid-cell\" ><div id=\"panel-5548-5-0-0\" class=\"so-panel widget widget_sow-headline panel-first-child\" data-index=\"15\" ><div\n\t\t\t\n\t\t\tclass=\"so-widget-sow-headline so-widget-sow-headline-default-bff3d6d53584-5548 so-widget-fittext-wrapper\"\n\t\t\t data-fit-text-compressor=\"1\"\n\t\t><div class=\"sow-headline-container\">\n\t\t\t\t\t\t\t<h2 class=\"sow-headline\">\n\t\t\t\t\t\tWE ARE INTERNATIONAL\t\t\t\t\t\t<\/h2>\n\t\t\t\t\t\t\t\t\t\t\t<div class=\"decoration\">\n\t\t\t\t\t\t<div class=\"decoration-inside\"><\/div>\n\t\t\t\t\t<\/div>\n\t\t\t\t\t<\/div>\n<\/div><\/div><div id=\"panel-5548-5-0-1\" class=\"so-panel widget widget_sow-features panel-last-child\" data-index=\"16\" ><div class=\"panel-widget-style panel-widget-style-for-5548-5-0-1\" ><div\n\t\t\t\n\t\t\tclass=\"so-widget-sow-features so-widget-sow-features-default-8f66fdfda385-5548\"\n\t\t\t\n\t\t><ul\n\tclass=\"sow-features-list\tsow-features-responsive\">\n\n\t\t\t<li\n\t\t\tclass=\"sow-features-feature sow-icon-container-position-top\"\n\t\t\tstyle=\"display: flex; flex-direction: column; width: calc(50% - 25px);\"\n\t\t>\n\t\t\t\n\t\t\t\t\t\t<div\t\t\t\tclass=\"sow-icon-container sow-container-none\"\n\t\t\t\tstyle=\"color: ; \"\n\t\t\t\ttitle=\"We speak english\"\n\t\t\t\t\t\t\t>\n\t\t\t\t\t\t\t\t\t\t<div class=\"sow-icon-image\" style=\"background-image: url(https:\/\/berlin-reklame.de\/wp-content\/uploads\/2020\/05\/Flaggen-Webseite-Sprachen-02.png); font-size: 75px\"><\/div>\n\t\t\t\t\t\t\t\t\t<\/div>\n\n\t\t\t<div class=\"textwidget\">\n\t\t\t\t\n\t\t\t\t\t\t\t\t\t<h5 class=\"sow-features-feature-title\">\n\t\t\t\t\t\tWE SPEAK ENGLISH\t\t\t\t\t<\/h5>\n\t\t\t\t\n\t\t\t\t\t\t\t<\/div>\n\t\t\t\t\t\t\t\t<\/li>\n\n\t\t\t<li\n\t\t\tclass=\"sow-features-feature sow-icon-container-position-top\"\n\t\t\tstyle=\"display: flex; flex-direction: column; width: calc(50% - 25px);\"\n\t\t>\n\t\t\t\n\t\t\t\t\t\t<div\t\t\t\tclass=\"sow-icon-container sow-container-none\"\n\t\t\t\tstyle=\"color: #ffffff; \"\n\t\t\t\ttitle=\"HABLAMOS ESPA\u00d1OL\"\n\t\t\t\t\t\t\t>\n\t\t\t\t\t\t\t\t\t\t<div class=\"sow-icon-image\" style=\"background-image: url(https:\/\/berlin-reklame.de\/wp-content\/uploads\/2020\/05\/Flaggen-Webseite-Sprachen-03.png); font-size: 75px\"><\/div>\n\t\t\t\t\t\t\t\t\t<\/div>\n\n\t\t\t<div class=\"textwidget\">\n\t\t\t\t\n\t\t\t\t\t\t\t\t\t<h5 class=\"sow-features-feature-title\">\n\t\t\t\t\t\tHABLAMOS ESPA\u00d1OL\t\t\t\t\t<\/h5>\n\t\t\t\t\n\t\t\t\t\t\t\t<\/div>\n\t\t\t\t\t\t\t\t<\/li>\n\n\t<\/ul>\n<\/div><\/div><\/div><\/div><\/div><\/div><div id=\"pg-5548-6\"  class=\"panel-grid panel-has-style\" ><div class=\"siteorigin-panels-stretch panel-row-style panel-row-style-for-5548-6\" data-stretch-type=\"full\" ><div id=\"pgc-5548-6-0\"  class=\"panel-grid-cell\" ><div id=\"panel-5548-6-0-0\" class=\"so-panel widget widget_sow-headline panel-first-child\" data-index=\"17\" ><div class=\"panel-widget-style panel-widget-style-for-5548-6-0-0\" ><div\n\t\t\t\n\t\t\tclass=\"so-widget-sow-headline so-widget-sow-headline-default-e53df47a790a-5548 so-widget-fittext-wrapper\"\n\t\t\t data-fit-text-compressor=\"0.85\"\n\t\t><div class=\"sow-headline-container\">\n\t\t\t\t\t\t\t<h2 class=\"sow-headline\">\n\t\t\t\t\t\tMantengase en contacto\t\t\t\t\t\t<\/h2>\n\t\t\t\t\t\t\t\t\t\t\t<div class=\"decoration\">\n\t\t\t\t\t\t<div class=\"decoration-inside\"><\/div>\n\t\t\t\t\t<\/div>\n\t\t\t\t\t\t\t\t\t\t\t<h3 class=\"sow-sub-headline\">\n\t\t\t\t\t\tPara estar al d\u00eda, s\u00edguenos en\t\t\t\t\t\t<\/h3>\n\t\t\t\t\t\t<\/div>\n<\/div><\/div><\/div><div id=\"panel-5548-6-0-1\" class=\"so-panel widget widget_sow-social-media-buttons panel-last-child\" data-index=\"18\" ><div\n\t\t\t\n\t\t\tclass=\"so-widget-sow-social-media-buttons so-widget-sow-social-media-buttons-flat-1a07de596dfc-5548\"\n\t\t\t\n\t\t>\n\n<div class=\"social-media-button-container\">\n\t\n\t\t<a \n\t\tclass=\"sow-social-media-button-facebook-0 sow-social-media-button\" title=\"berlin reklame en Facebook\" aria-label=\"berlin reklame en Facebook\" target=\"_blank\" rel=\"noopener noreferrer\" href=\"https:\/\/www.facebook.com\/berlinreklame\" \t\t>\n\t\t\t<span>\n\t\t\t\t\t\t\t\t<span class=\"sow-icon-fontawesome sow-fab\" data-sow-icon=\"&#xf39e;\"\n\t\t \n\t\taria-hidden=\"true\"><\/span>\t\t\t\t\t\t\t<\/span>\n\t\t<\/a>\n\t\n\t\t<a \n\t\tclass=\"sow-social-media-button-instagram-0 sow-social-media-button\" title=\"berlin reklame en Instagram\" aria-label=\"berlin reklame en Instagram\" target=\"_blank\" rel=\"noopener noreferrer\" href=\"https:\/\/www.instagram.com\/berlin_reklame\/\" \t\t>\n\t\t\t<span>\n\t\t\t\t\t\t\t\t<span class=\"sow-icon-fontawesome sow-fab\" data-sow-icon=\"&#xf16d;\"\n\t\t \n\t\taria-hidden=\"true\"><\/span>\t\t\t\t\t\t\t<\/span>\n\t\t<\/a>\n\t\n\t\t<a \n\t\tclass=\"sow-social-media-button-youtube-0 sow-social-media-button\" title=\"berlin reklame en Youtube\" aria-label=\"berlin reklame en Youtube\" target=\"_blank\" rel=\"noopener noreferrer\" href=\"https:\/\/www.youtube.com\/channel\/UCPty5C4toAhaLwAjyw5GTLw\" \t\t>\n\t\t\t<span>\n\t\t\t\t\t\t\t\t<span class=\"sow-icon-fontawesome sow-fab\" data-sow-icon=\"&#xf167;\"\n\t\t \n\t\taria-hidden=\"true\"><\/span>\t\t\t\t\t\t\t<\/span>\n\t\t<\/a>\n\t\n\t\t<a \n\t\tclass=\"sow-social-media-button-linkedin-0 sow-social-media-button\" title=\"berlin reklame en Linkedin\" aria-label=\"berlin reklame en Linkedin\" target=\"_blank\" rel=\"noopener noreferrer\" href=\"https:\/\/www.linkedin.com\/company\/berlin-reklame2018\" \t\t>\n\t\t\t<span>\n\t\t\t\t\t\t\t\t<span class=\"sow-icon-fontawesome sow-fab\" data-sow-icon=\"&#xf0e1;\"\n\t\t \n\t\taria-hidden=\"true\"><\/span>\t\t\t\t\t\t\t<\/span>\n\t\t<\/a>\n\t\n\t\t<a \n\t\tclass=\"sow-social-media-button-xing-0 sow-social-media-button\" title=\"berlin reklame en Xing\" aria-label=\"berlin reklame en Xing\" target=\"_blank\" rel=\"noopener noreferrer\" href=\"https:\/\/www.xing.com\/companies\/berlinreklamegbr\" \t\t>\n\t\t\t<span>\n\t\t\t\t\t\t\t\t<span class=\"sow-icon-fontawesome sow-fab\" data-sow-icon=\"&#xf168;\"\n\t\t \n\t\taria-hidden=\"true\"><\/span>\t\t\t\t\t\t\t<\/span>\n\t\t<\/a>\n\t\n\t\t<a \n\t\tclass=\"sow-social-media-button-yelp-0 sow-social-media-button\" title=\"berlin reklame en Yelp\" aria-label=\"berlin reklame en Yelp\" target=\"_blank\" rel=\"noopener noreferrer\" href=\"https:\/\/www.yelp.com\/\" \t\t>\n\t\t\t<span>\n\t\t\t\t\t\t\t\t<span class=\"sow-icon-fontawesome sow-fab\" data-sow-icon=\"&#xf1e9;\"\n\t\t \n\t\taria-hidden=\"true\"><\/span>\t\t\t\t\t\t\t<\/span>\n\t\t<\/a>\n\t<\/div>\n<\/div><\/div><\/div><\/div><\/div><\/div>","protected":false},"excerpt":{"rendered":"<p>Bei Berlin Reklame sind wir kein gew\u00f6hnliches Team \u2013 wir <a class=\"more-link\" href=\"https:\/\/berlin-reklame.de\/es\/werbetechnik-berlin\/team\/\">Continuar leyendo...<\/a><\/p>","protected":false},"author":1,"featured_media":908,"parent":2,"menu_order":1,"comment_status":"closed","ping_status":"closed","template":"","meta":{"footnotes":""},"class_list":["post-5548","page","type-page","status-publish","has-post-thumbnail","hentry"],"yoast_head":"<!-- This site is optimized with the Yoast SEO Premium plugin v27.4 (Yoast SEO v27.5) - https:\/\/yoast.com\/product\/yoast-seo-premium-wordpress\/ -->\n<title>Werbung in Berlin: Kreative Werbetechnik vom Profi-Fachbetrieb<\/title>\n<meta name=\"description\" content=\"Berlin Reklame: Wo Ihre Kommunikationsideen zum Leben erwachen \u2013 Von der Beratung \u00fcber die Gestaltung bis zur pr\u00e4zisen Produktion und Montage\" \/>\n<meta name=\"robots\" content=\"index, follow, max-snippet:-1, max-image-preview:large, max-video-preview:-1\" \/>\n<link rel=\"canonical\" href=\"https:\/\/berlin-reklame.de\/es\/werbetechnik-berlin\/team\/\" \/>\n<meta property=\"og:locale\" content=\"es_ES\" \/>\n<meta property=\"og:type\" content=\"article\" \/>\n<meta property=\"og:title\" content=\"\u00dcber uns\" \/>\n<meta property=\"og:description\" content=\"Berlin Reklame: Wo Ihre Kommunikationsideen zum Leben erwachen \u2013 Von der Beratung \u00fcber die Gestaltung bis zur pr\u00e4zisen Produktion und Montage\" \/>\n<meta property=\"og:url\" content=\"https:\/\/berlin-reklame.de\/es\/werbetechnik-berlin\/team\/\" \/>\n<meta property=\"og:site_name\" content=\"berlin reklame\" \/>\n<meta property=\"article:publisher\" content=\"https:\/\/www.facebook.com\/berlinreklame\/\" \/>\n<meta property=\"article:modified_time\" content=\"2025-01-13T13:24:27+00:00\" \/>\n<meta property=\"og:image\" content=\"https:\/\/berlin-reklame.de\/wp-content\/uploads\/2016\/04\/wandtattoo_1.jpg\" \/>\n\t<meta property=\"og:image:width\" content=\"1772\" \/>\n\t<meta property=\"og:image:height\" content=\"1182\" \/>\n\t<meta property=\"og:image:type\" content=\"image\/jpeg\" \/>\n<meta name=\"twitter:card\" content=\"summary_large_image\" \/>\n<meta name=\"twitter:label1\" content=\"Tiempo de lectura\" \/>\n\t<meta name=\"twitter:data1\" content=\"4 minutos\" \/>\n<script type=\"application\/ld+json\" class=\"yoast-schema-graph\">{\"@context\":\"https:\\\/\\\/schema.org\",\"@graph\":[{\"@type\":\"WebPage\",\"@id\":\"https:\\\/\\\/berlin-reklame.de\\\/werbetechnik-berlin\\\/team\\\/\",\"url\":\"https:\\\/\\\/berlin-reklame.de\\\/werbetechnik-berlin\\\/team\\\/\",\"name\":\"Werbung in Berlin: Kreative Werbetechnik vom Profi-Fachbetrieb\",\"isPartOf\":{\"@id\":\"https:\\\/\\\/berlin-reklame.de\\\/#website\"},\"primaryImageOfPage\":{\"@id\":\"https:\\\/\\\/berlin-reklame.de\\\/werbetechnik-berlin\\\/team\\\/#primaryimage\"},\"image\":{\"@id\":\"https:\\\/\\\/berlin-reklame.de\\\/werbetechnik-berlin\\\/team\\\/#primaryimage\"},\"thumbnailUrl\":\"https:\\\/\\\/berlin-reklame.de\\\/wp-content\\\/uploads\\\/2016\\\/04\\\/wandtattoo_1.jpg\",\"datePublished\":\"2024-01-11T11:53:54+00:00\",\"dateModified\":\"2025-01-13T13:24:27+00:00\",\"description\":\"Berlin Reklame: Wo Ihre Kommunikationsideen zum Leben erwachen \u2013 Von der Beratung \u00fcber die Gestaltung bis zur pr\u00e4zisen Produktion und Montage\",\"breadcrumb\":{\"@id\":\"https:\\\/\\\/berlin-reklame.de\\\/werbetechnik-berlin\\\/team\\\/#breadcrumb\"},\"inLanguage\":\"es\",\"potentialAction\":[{\"@type\":\"ReadAction\",\"target\":[\"https:\\\/\\\/berlin-reklame.de\\\/werbetechnik-berlin\\\/team\\\/\"]}]},{\"@type\":\"ImageObject\",\"inLanguage\":\"es\",\"@id\":\"https:\\\/\\\/berlin-reklame.de\\\/werbetechnik-berlin\\\/team\\\/#primaryimage\",\"url\":\"https:\\\/\\\/berlin-reklame.de\\\/wp-content\\\/uploads\\\/2016\\\/04\\\/wandtattoo_1.jpg\",\"contentUrl\":\"https:\\\/\\\/berlin-reklame.de\\\/wp-content\\\/uploads\\\/2016\\\/04\\\/wandtattoo_1.jpg\",\"width\":1772,\"height\":1182,\"caption\":\"wandtattoo berlin\"},{\"@type\":\"BreadcrumbList\",\"@id\":\"https:\\\/\\\/berlin-reklame.de\\\/werbetechnik-berlin\\\/team\\\/#breadcrumb\",\"itemListElement\":[{\"@type\":\"ListItem\",\"position\":1,\"name\":\"Home\",\"item\":\"https:\\\/\\\/berlin-reklame.de\\\/\"},{\"@type\":\"ListItem\",\"position\":2,\"name\":\"Kreative Werbetechnik\",\"item\":\"https:\\\/\\\/berlin-reklame.de\\\/\"},{\"@type\":\"ListItem\",\"position\":3,\"name\":\"\u00dcber uns\"}]},{\"@type\":\"WebSite\",\"@id\":\"https:\\\/\\\/berlin-reklame.de\\\/#website\",\"url\":\"https:\\\/\\\/berlin-reklame.de\\\/\",\"name\":\"berlin reklame\",\"description\":\"Kreative Werbetechnik\",\"publisher\":{\"@id\":\"https:\\\/\\\/berlin-reklame.de\\\/#organization\"},\"potentialAction\":[{\"@type\":\"SearchAction\",\"target\":{\"@type\":\"EntryPoint\",\"urlTemplate\":\"https:\\\/\\\/berlin-reklame.de\\\/?s={search_term_string}\"},\"query-input\":{\"@type\":\"PropertyValueSpecification\",\"valueRequired\":true,\"valueName\":\"search_term_string\"}}],\"inLanguage\":\"es\"},{\"@type\":\"Organization\",\"@id\":\"https:\\\/\\\/berlin-reklame.de\\\/#organization\",\"name\":\"berlin reklame\",\"url\":\"https:\\\/\\\/berlin-reklame.de\\\/\",\"logo\":{\"@type\":\"ImageObject\",\"inLanguage\":\"es\",\"@id\":\"https:\\\/\\\/berlin-reklame.de\\\/#\\\/schema\\\/logo\\\/image\\\/\",\"url\":\"https:\\\/\\\/berlin-reklame.de\\\/wp-content\\\/uploads\\\/2017\\\/10\\\/favicon2.png\",\"contentUrl\":\"https:\\\/\\\/berlin-reklame.de\\\/wp-content\\\/uploads\\\/2017\\\/10\\\/favicon2.png\",\"width\":310,\"height\":310,\"caption\":\"berlin reklame\"},\"image\":{\"@id\":\"https:\\\/\\\/berlin-reklame.de\\\/#\\\/schema\\\/logo\\\/image\\\/\"},\"sameAs\":[\"https:\\\/\\\/www.facebook.com\\\/berlinreklame\\\/\",\"https:\\\/\\\/www.instagram.com\\\/berlin_reklame\\\/\",\"https:\\\/\\\/www.linkedin.com\\\/company\\\/berlin-reklame2018\\\/\",\"https:\\\/\\\/www.youtube.com\\\/channel\\\/UCPty5C4toAhaLwAjyw5GTLw\"]}]}<\/script>\n<!-- \/ Yoast SEO Premium plugin. -->","yoast_head_json":{"title":"Werbung in Berlin: Kreative Werbetechnik vom Profi-Fachbetrieb","description":"Berlin Reklame: Wo Ihre Kommunikationsideen zum Leben erwachen \u2013 Von der Beratung \u00fcber die Gestaltung bis zur pr\u00e4zisen Produktion und Montage","robots":{"index":"index","follow":"follow","max-snippet":"max-snippet:-1","max-image-preview":"max-image-preview:large","max-video-preview":"max-video-preview:-1"},"canonical":"https:\/\/berlin-reklame.de\/es\/werbetechnik-berlin\/team\/","og_locale":"es_ES","og_type":"article","og_title":"\u00dcber uns","og_description":"Berlin Reklame: Wo Ihre Kommunikationsideen zum Leben erwachen \u2013 Von der Beratung \u00fcber die Gestaltung bis zur pr\u00e4zisen Produktion und Montage","og_url":"https:\/\/berlin-reklame.de\/es\/werbetechnik-berlin\/team\/","og_site_name":"berlin reklame","article_publisher":"https:\/\/www.facebook.com\/berlinreklame\/","article_modified_time":"2025-01-13T13:24:27+00:00","og_image":[{"width":1772,"height":1182,"url":"https:\/\/berlin-reklame.de\/wp-content\/uploads\/2016\/04\/wandtattoo_1.jpg","type":"image\/jpeg"}],"twitter_card":"summary_large_image","twitter_misc":{"Tiempo de lectura":"4 minutos"},"schema":{"@context":"https:\/\/schema.org","@graph":[{"@type":"WebPage","@id":"https:\/\/berlin-reklame.de\/werbetechnik-berlin\/team\/","url":"https:\/\/berlin-reklame.de\/werbetechnik-berlin\/team\/","name":"Werbung in Berlin: Kreative Werbetechnik vom Profi-Fachbetrieb","isPartOf":{"@id":"https:\/\/berlin-reklame.de\/#website"},"primaryImageOfPage":{"@id":"https:\/\/berlin-reklame.de\/werbetechnik-berlin\/team\/#primaryimage"},"image":{"@id":"https:\/\/berlin-reklame.de\/werbetechnik-berlin\/team\/#primaryimage"},"thumbnailUrl":"https:\/\/berlin-reklame.de\/wp-content\/uploads\/2016\/04\/wandtattoo_1.jpg","datePublished":"2024-01-11T11:53:54+00:00","dateModified":"2025-01-13T13:24:27+00:00","description":"Berlin Reklame: Wo Ihre Kommunikationsideen zum Leben erwachen \u2013 Von der Beratung \u00fcber die Gestaltung bis zur pr\u00e4zisen Produktion und Montage","breadcrumb":{"@id":"https:\/\/berlin-reklame.de\/werbetechnik-berlin\/team\/#breadcrumb"},"inLanguage":"es","potentialAction":[{"@type":"ReadAction","target":["https:\/\/berlin-reklame.de\/werbetechnik-berlin\/team\/"]}]},{"@type":"ImageObject","inLanguage":"es","@id":"https:\/\/berlin-reklame.de\/werbetechnik-berlin\/team\/#primaryimage","url":"https:\/\/berlin-reklame.de\/wp-content\/uploads\/2016\/04\/wandtattoo_1.jpg","contentUrl":"https:\/\/berlin-reklame.de\/wp-content\/uploads\/2016\/04\/wandtattoo_1.jpg","width":1772,"height":1182,"caption":"wandtattoo berlin"},{"@type":"BreadcrumbList","@id":"https:\/\/berlin-reklame.de\/werbetechnik-berlin\/team\/#breadcrumb","itemListElement":[{"@type":"ListItem","position":1,"name":"Home","item":"https:\/\/berlin-reklame.de\/"},{"@type":"ListItem","position":2,"name":"Kreative Werbetechnik","item":"https:\/\/berlin-reklame.de\/"},{"@type":"ListItem","position":3,"name":"\u00dcber uns"}]},{"@type":"WebSite","@id":"https:\/\/berlin-reklame.de\/#website","url":"https:\/\/berlin-reklame.de\/","name":"berlin reklame","description":"Rotulaci\u00f3n con creatividad","publisher":{"@id":"https:\/\/berlin-reklame.de\/#organization"},"potentialAction":[{"@type":"SearchAction","target":{"@type":"EntryPoint","urlTemplate":"https:\/\/berlin-reklame.de\/?s={search_term_string}"},"query-input":{"@type":"PropertyValueSpecification","valueRequired":true,"valueName":"search_term_string"}}],"inLanguage":"es"},{"@type":"Organization","@id":"https:\/\/berlin-reklame.de\/#organization","name":"berlin reklame","url":"https:\/\/berlin-reklame.de\/","logo":{"@type":"ImageObject","inLanguage":"es","@id":"https:\/\/berlin-reklame.de\/#\/schema\/logo\/image\/","url":"https:\/\/berlin-reklame.de\/wp-content\/uploads\/2017\/10\/favicon2.png","contentUrl":"https:\/\/berlin-reklame.de\/wp-content\/uploads\/2017\/10\/favicon2.png","width":310,"height":310,"caption":"berlin reklame"},"image":{"@id":"https:\/\/berlin-reklame.de\/#\/schema\/logo\/image\/"},"sameAs":["https:\/\/www.facebook.com\/berlinreklame\/","https:\/\/www.instagram.com\/berlin_reklame\/","https:\/\/www.linkedin.com\/company\/berlin-reklame2018\/","https:\/\/www.youtube.com\/channel\/UCPty5C4toAhaLwAjyw5GTLw"]}]}},"_links":{"self":[{"href":"https:\/\/berlin-reklame.de\/es\/wp-json\/wp\/v2\/pages\/5548","targetHints":{"allow":["GET"]}}],"collection":[{"href":"https:\/\/berlin-reklame.de\/es\/wp-json\/wp\/v2\/pages"}],"about":[{"href":"https:\/\/berlin-reklame.de\/es\/wp-json\/wp\/v2\/types\/page"}],"author":[{"embeddable":true,"href":"https:\/\/berlin-reklame.de\/es\/wp-json\/wp\/v2\/users\/1"}],"replies":[{"embeddable":true,"href":"https:\/\/berlin-reklame.de\/es\/wp-json\/wp\/v2\/comments?post=5548"}],"version-history":[{"count":10,"href":"https:\/\/berlin-reklame.de\/es\/wp-json\/wp\/v2\/pages\/5548\/revisions"}],"predecessor-version":[{"id":5805,"href":"https:\/\/berlin-reklame.de\/es\/wp-json\/wp\/v2\/pages\/5548\/revisions\/5805"}],"up":[{"embeddable":true,"href":"https:\/\/berlin-reklame.de\/es\/wp-json\/wp\/v2\/pages\/2"}],"wp:featuredmedia":[{"embeddable":true,"href":"https:\/\/berlin-reklame.de\/es\/wp-json\/wp\/v2\/media\/908"}],"wp:attachment":[{"href":"https:\/\/berlin-reklame.de\/es\/wp-json\/wp\/v2\/media?parent=5548"}],"curies":[{"name":"wp","href":"https:\/\/api.w.org\/{rel}","templated":true}]}}